{"id":923,"date":"2024-09-17T16:31:50","date_gmt":"2024-09-17T14:31:50","guid":{"rendered":"https:\/\/federnat.tiwsrl.com\/?page_id=923"},"modified":"2024-12-13T10:12:57","modified_gmt":"2024-12-13T09:12:57","slug":"news","status":"publish","type":"page","link":"https:\/\/federnat.tiwsrl.com\/?page_id=923","title":{"rendered":"News"},"content":{"rendered":"<div style=\"font-style:italic;font-weight:100;line-height:1.1;margin-top:var(--wp--preset--spacing--20);margin-bottom:var(--wp--preset--spacing--20);margin-left:0;margin-right:0\" class=\"wp-block-archives-dropdown aligncenter wp-block-archives has-medium-font-size\"><label for=\"wp-block-archives-1\" class=\"wp-block-archives__label\">Archivi<\/label>\n\t\t<select id=\"wp-block-archives-1\" name=\"archive-dropdown\">\n\t\t<option value=\"\">Seleziona il mese<\/option>\t<option value='https:\/\/federnat.tiwsrl.com\/?m=202412'> Dicembre 2024 <\/option>\n\t<option value='https:\/\/federnat.tiwsrl.com\/?m=202411'> Novembre 2024 <\/option>\n\t<option value='https:\/\/federnat.tiwsrl.com\/?m=202410'> Ottobre 2024 <\/option>\n\t<option value='https:\/\/federnat.tiwsrl.com\/?m=202409'> Settembre 2024 <\/option>\n\t<option value='https:\/\/federnat.tiwsrl.com\/?m=202408'> Agosto 2024 <\/option>\n\t<option value='https:\/\/federnat.tiwsrl.com\/?m=202407'> Luglio 2024 <\/option>\n\t<option value='https:\/\/federnat.tiwsrl.com\/?m=202401'> Gennaio 2024 <\/option>\n\t<option value='https:\/\/federnat.tiwsrl.com\/?m=202312'> Dicembre 2023 <\/option>\n\t<option value='https:\/\/federnat.tiwsrl.com\/?m=202311'> Novembre 2023 <\/option>\n\t<option value='https:\/\/federnat.tiwsrl.com\/?m=202310'> Ottobre 2023 <\/option>\n\t<option value='https:\/\/federnat.tiwsrl.com\/?m=202309'> Settembre 2023 <\/option>\n\t<option value='https:\/\/federnat.tiwsrl.com\/?m=202308'> Agosto 2023 <\/option>\n\t<option value='https:\/\/federnat.tiwsrl.com\/?m=202306'> Giugno 2023 <\/option>\n\t<option value='https:\/\/federnat.tiwsrl.com\/?m=202305'> Maggio 2023 <\/option>\n\t<option value='https:\/\/federnat.tiwsrl.com\/?m=202304'> Aprile 2023 <\/option>\n\t<option value='https:\/\/federnat.tiwsrl.com\/?m=202303'> Marzo 2023 <\/option>\n\t<option value='https:\/\/federnat.tiwsrl.com\/?m=202302'> Febbraio 2023 <\/option>\n\t<option value='https:\/\/federnat.tiwsrl.com\/?m=202301'> Gennaio 2023 <\/option>\n\t<option value='https:\/\/federnat.tiwsrl.com\/?m=202210'> Ottobre 2022 <\/option>\n\t<option value='https:\/\/federnat.tiwsrl.com\/?m=202205'> Maggio 2022 <\/option>\n\t<option value='https:\/\/federnat.tiwsrl.com\/?m=202204'> Aprile 2022 <\/option>\n\t<option value='https:\/\/federnat.tiwsrl.com\/?m=202203'> Marzo 2022 <\/option>\n\t<option value='https:\/\/federnat.tiwsrl.com\/?m=202202'> Febbraio 2022 <\/option>\n\t<option value='https:\/\/federnat.tiwsrl.com\/?m=202201'> Gennaio 2022 <\/option>\n<\/select><script>\n( ( [ dropdownId, homeUrl ] ) => {\n\t\tconst dropdown = document.getElementById( dropdownId );\n\t\tfunction onSelectChange() {\n\t\t\tsetTimeout( () => {\n\t\t\t\tif ( 'escape' === dropdown.dataset.lastkey ) {\n\t\t\t\t\treturn;\n\t\t\t\t}\n\t\t\t\tif ( dropdown.value ) {\n\t\t\t\t\tlocation.href = dropdown.value;\n\t\t\t\t}\n\t\t\t}, 250 );\n\t\t}\n\t\tfunction onKeyUp( event ) {\n\t\t\tif ( 'Escape' === event.key ) {\n\t\t\t\tdropdown.dataset.lastkey = 'escape';\n\t\t\t} else {\n\t\t\t\tdelete dropdown.dataset.lastkey;\n\t\t\t}\n\t\t}\n\t\tfunction onClick() {\n\t\t\tdelete dropdown.dataset.lastkey;\n\t\t}\n\t\tdropdown.addEventListener( 'keyup', onKeyUp );\n\t\tdropdown.addEventListener( 'click', onClick );\n\t\tdropdown.addEventListener( 'change', onSelectChange );\n\t} )( [\"wp-block-archives-1\",\"https:\/\/federnat.tiwsrl.com\"] );\n\/\/# sourceURL=block_core_archives_build_dropdown_script\n<\/script>\n<\/div>\n\n<div  class=\"qodef-block-container qodef-block-c3460cb6 \" >\n\t<div class=\"qi-block-blog-list qodef-block qodef-m wp-block-qi-blocks-blog-list qodef-info-no-icons  qodef-image--hover-zoom   qodef-item-layout--boxed qodef-gutenberg-section qodef--columns qodef-col-num--3  qodef-responsive--predefined      \">\n\t\t\t\t\t<div class=\"qodef-gutenberg-row\">\n\t\t\t\t<article class=\"qodef-blog-item qodef-e qodef-gutenberg-column post-2395 post type-post status-publish format-standard has-post-thumbnail hentry category-news\">\n\t<div class=\"qodef-e-inner\">\n\t\t\t\t\t<div class=\"qodef-e-media-holder\">\n\t\t\t\t<div class=\"qodef-e-media\">\n\t\t<div class=\"qodef-e-media-image\">\n\t\t<a href=\"https:\/\/federnat.tiwsrl.com\/?p=2395\">\n\t\t\t<img fetchpriority=\"high\" decoding=\"async\" width=\"300\" height=\"225\" src=\"https:\/\/federnat.tiwsrl.com\/wp-content\/uploads\/2024\/12\/WhatsApp-Image-2024-12-24-at-15.58.56-300x225.jpeg\" class=\"attachment-medium size-medium\" alt=\"\" srcset=\"https:\/\/federnat.tiwsrl.com\/wp-content\/uploads\/2024\/12\/WhatsApp-Image-2024-12-24-at-15.58.56-300x225.jpeg 300w, https:\/\/federnat.tiwsrl.com\/wp-content\/uploads\/2024\/12\/WhatsApp-Image-2024-12-24-at-15.58.56-1024x768.jpeg 1024w, https:\/\/federnat.tiwsrl.com\/wp-content\/uploads\/2024\/12\/WhatsApp-Image-2024-12-24-at-15.58.56-768x576.jpeg 768w, https:\/\/federnat.tiwsrl.com\/wp-content\/uploads\/2024\/12\/WhatsApp-Image-2024-12-24-at-15.58.56-1536x1152.jpeg 1536w, https:\/\/federnat.tiwsrl.com\/wp-content\/uploads\/2024\/12\/WhatsApp-Image-2024-12-24-at-15.58.56.jpeg 1600w\" sizes=\"(max-width: 300px) 100vw, 300px\" \/>\t\t<\/a>\n\t<\/div>\n<\/div>\n<div class=\"qodef-e-info-item qodef-e-info-date\">\n\t<a href=\"https:\/\/federnat.tiwsrl.com\/?m=202412\">\n\t\t26 Dic\t<\/a>\n<\/div>\n\t\t\t<\/div>\n\t\t\t\t<div class=\"qodef-e-content\">\n\t\t\t\t\t\t\t<div class=\"qodef-e-info qodef-info--top\">\n\t\t\t\t\t<div class=\"qodef-e-info-item qodef-e-info-category\">\n\t\t<a href=\"https:\/\/federnat.tiwsrl.com\/?cat=6\" rel=\"category\">News<\/a><\/div>\n\t\t\t\t<\/div>\n\t\t\t\t\t\t<div class=\"qodef-e-text\">\n\t\t\t\t<h5 class=\"qodef-e-title\">\n\t<a class=\"qodef-e-title-link\" href=\"https:\/\/federnat.tiwsrl.com\/?p=2395\">\n\t\tGiuseppe Franco e Aristeo Caf trionfano nella finale del Trofeo Fondazione Santobono Pausilipon: un Natale all&#8217;insegna della solidariet\u00e0\t<\/a>\n<\/h5>\n\t\t<p class=\"qodef-e-excerpt\">\n\t\t\tUn Natale all&#8217;ippodromo di Agnano nel segno della solidariet\u00e0: La vigilia di Natale \u00e8 stata segnata da un&#8217;emozionante finale del Trofeo Fondazione Santobono Pausilipo\t\t<\/p>\n\t\t\t\t<\/div>\n\t\t\t\t\t\t\t<div class=\"qodef-e-info qodef-info--bottom\">\n\t\t\t\t\t\t<div class=\"qodef-e-read-more\">\n\t\t<a class=\"qi-block-button qodef-block qodef-m qodef-html--link qodef-layout--textual qodef-type--standard   qodef-icon--right qodef-hover--icon-move-horizontal-short   qodef-text-underline qodef-underline--left  \" href=\"https:\/\/federnat.tiwsrl.com\/?p=2395\" target=\"_self\">\n\t<span class=\"qodef-m-text\">Continua a leggere<\/span>\n\t<\/a>\n\t<\/div>\n \t\t\t\t<\/div>\n\t\t\t\t\t<\/div>\n\t<\/div>\n<\/article>\n<article class=\"qodef-blog-item qodef-e qodef-gutenberg-column post-2388 post type-post status-publish format-standard has-post-thumbnail hentry category-news\">\n\t<div class=\"qodef-e-inner\">\n\t\t\t\t\t<div class=\"qodef-e-media-holder\">\n\t\t\t\t<div class=\"qodef-e-media\">\n\t\t<div class=\"qodef-e-media-image\">\n\t\t<a href=\"https:\/\/federnat.tiwsrl.com\/?p=2388\">\n\t\t\t<img decoding=\"async\" width=\"300\" height=\"251\" src=\"https:\/\/federnat.tiwsrl.com\/wp-content\/uploads\/2024\/12\/Caffe-Post-di-Facebook-5-300x251.jpg\" class=\"attachment-medium size-medium\" alt=\"\" srcset=\"https:\/\/federnat.tiwsrl.com\/wp-content\/uploads\/2024\/12\/Caffe-Post-di-Facebook-5-300x251.jpg 300w, https:\/\/federnat.tiwsrl.com\/wp-content\/uploads\/2024\/12\/Caffe-Post-di-Facebook-5-768x644.jpg 768w, https:\/\/federnat.tiwsrl.com\/wp-content\/uploads\/2024\/12\/Caffe-Post-di-Facebook-5.jpg 940w\" sizes=\"(max-width: 300px) 100vw, 300px\" \/>\t\t<\/a>\n\t<\/div>\n<\/div>\n<div class=\"qodef-e-info-item qodef-e-info-date\">\n\t<a href=\"https:\/\/federnat.tiwsrl.com\/?m=202412\">\n\t\t23 Dic\t<\/a>\n<\/div>\n\t\t\t<\/div>\n\t\t\t\t<div class=\"qodef-e-content\">\n\t\t\t\t\t\t\t<div class=\"qodef-e-info qodef-info--top\">\n\t\t\t\t\t<div class=\"qodef-e-info-item qodef-e-info-category\">\n\t\t<a href=\"https:\/\/federnat.tiwsrl.com\/?cat=6\" rel=\"category\">News<\/a><\/div>\n\t\t\t\t<\/div>\n\t\t\t\t\t\t<div class=\"qodef-e-text\">\n\t\t\t\t<h5 class=\"qodef-e-title\">\n\t<a class=\"qodef-e-title-link\" href=\"https:\/\/federnat.tiwsrl.com\/?p=2388\">\n\t\tSorpresa sotto l&#8217;albero: un nuovo sito web per festeggiare insieme il Natale\t<\/a>\n<\/h5>\n\t\t<p class=\"qodef-e-excerpt\">\n\t\t\tCari Gentlemen, la vostra passione e sportivit\u00e0 sono il cuore pulsante della nostra associazione, e la rendono sempre pi\u00f9 forte e unita. Per celebrare questo legame speciale, abb\t\t<\/p>\n\t\t\t\t<\/div>\n\t\t\t\t\t\t\t<div class=\"qodef-e-info qodef-info--bottom\">\n\t\t\t\t\t\t<div class=\"qodef-e-read-more\">\n\t\t<a class=\"qi-block-button qodef-block qodef-m qodef-html--link qodef-layout--textual qodef-type--standard   qodef-icon--right qodef-hover--icon-move-horizontal-short   qodef-text-underline qodef-underline--left  \" href=\"https:\/\/federnat.tiwsrl.com\/?p=2388\" target=\"_self\">\n\t<span class=\"qodef-m-text\">Continua a leggere<\/span>\n\t<\/a>\n\t<\/div>\n \t\t\t\t<\/div>\n\t\t\t\t\t<\/div>\n\t<\/div>\n<\/article>\n<article class=\"qodef-blog-item qodef-e qodef-gutenberg-column post-2374 post type-post status-publish format-standard has-post-thumbnail hentry category-news\">\n\t<div class=\"qodef-e-inner\">\n\t\t\t\t\t<div class=\"qodef-e-media-holder\">\n\t\t\t\t<div class=\"qodef-e-media\">\n\t\t<div class=\"qodef-e-media-image\">\n\t\t<a href=\"https:\/\/federnat.tiwsrl.com\/?p=2374\">\n\t\t\t<img decoding=\"async\" width=\"300\" height=\"202\" src=\"https:\/\/federnat.tiwsrl.com\/wp-content\/uploads\/2024\/12\/WhatsApp-Image-2024-12-22-at-22.49.18-300x202.jpeg\" class=\"attachment-medium size-medium\" alt=\"\" srcset=\"https:\/\/federnat.tiwsrl.com\/wp-content\/uploads\/2024\/12\/WhatsApp-Image-2024-12-22-at-22.49.18-300x202.jpeg 300w, https:\/\/federnat.tiwsrl.com\/wp-content\/uploads\/2024\/12\/WhatsApp-Image-2024-12-22-at-22.49.18-768x517.jpeg 768w, https:\/\/federnat.tiwsrl.com\/wp-content\/uploads\/2024\/12\/WhatsApp-Image-2024-12-22-at-22.49.18.jpeg 943w\" sizes=\"(max-width: 300px) 100vw, 300px\" \/>\t\t<\/a>\n\t<\/div>\n<\/div>\n<div class=\"qodef-e-info-item qodef-e-info-date\">\n\t<a href=\"https:\/\/federnat.tiwsrl.com\/?m=202412\">\n\t\t22 Dic\t<\/a>\n<\/div>\n\t\t\t<\/div>\n\t\t\t\t<div class=\"qodef-e-content\">\n\t\t\t\t\t\t\t<div class=\"qodef-e-info qodef-info--top\">\n\t\t\t\t\t<div class=\"qodef-e-info-item qodef-e-info-category\">\n\t\t<a href=\"https:\/\/federnat.tiwsrl.com\/?cat=6\" rel=\"category\">News<\/a><\/div>\n\t\t\t\t<\/div>\n\t\t\t\t\t\t<div class=\"qodef-e-text\">\n\t\t\t\t<h5 class=\"qodef-e-title\">\n\t<a class=\"qodef-e-title-link\" href=\"https:\/\/federnat.tiwsrl.com\/?p=2374\">\n\t\tTrionfo di Nicola Del Rosso al Gentlemen 4 Life: solidariet\u00e0 e passione si incontrano all&#8217;Arcoveggio\t<\/a>\n<\/h5>\n\t\t<p class=\"qodef-e-excerpt\">\n\t\t\tL&#8217;Ippodromo dell&#8217;Arcoveggio di Bologna \u00e8 stato, ancora una volta, il palcoscenico di una giornata all&#8217;insegna dello sport e della solidariet\u00e0. Poco dopo la Fina\t\t<\/p>\n\t\t\t\t<\/div>\n\t\t\t\t\t\t\t<div class=\"qodef-e-info qodef-info--bottom\">\n\t\t\t\t\t\t<div class=\"qodef-e-read-more\">\n\t\t<a class=\"qi-block-button qodef-block qodef-m qodef-html--link qodef-layout--textual qodef-type--standard   qodef-icon--right qodef-hover--icon-move-horizontal-short   qodef-text-underline qodef-underline--left  \" href=\"https:\/\/federnat.tiwsrl.com\/?p=2374\" target=\"_self\">\n\t<span class=\"qodef-m-text\">Continua a leggere<\/span>\n\t<\/a>\n\t<\/div>\n \t\t\t\t<\/div>\n\t\t\t\t\t<\/div>\n\t<\/div>\n<\/article>\n<article class=\"qodef-blog-item qodef-e qodef-gutenberg-column post-2360 post type-post status-publish format-standard has-post-thumbnail hentry category-news\">\n\t<div class=\"qodef-e-inner\">\n\t\t\t\t\t<div class=\"qodef-e-media-holder\">\n\t\t\t\t<div class=\"qodef-e-media\">\n\t\t<div class=\"qodef-e-media-image\">\n\t\t<a href=\"https:\/\/federnat.tiwsrl.com\/?p=2360\">\n\t\t\t<img loading=\"lazy\" decoding=\"async\" width=\"300\" height=\"189\" src=\"https:\/\/federnat.tiwsrl.com\/wp-content\/uploads\/2024\/12\/WhatsApp-Image-2024-12-22-at-20.54.13-300x189.jpeg\" class=\"attachment-medium size-medium\" alt=\"\" srcset=\"https:\/\/federnat.tiwsrl.com\/wp-content\/uploads\/2024\/12\/WhatsApp-Image-2024-12-22-at-20.54.13-300x189.jpeg 300w, https:\/\/federnat.tiwsrl.com\/wp-content\/uploads\/2024\/12\/WhatsApp-Image-2024-12-22-at-20.54.13.jpeg 736w\" sizes=\"(max-width: 300px) 100vw, 300px\" \/>\t\t<\/a>\n\t<\/div>\n<\/div>\n<div class=\"qodef-e-info-item qodef-e-info-date\">\n\t<a href=\"https:\/\/federnat.tiwsrl.com\/?m=202412\">\n\t\t22 Dic\t<\/a>\n<\/div>\n\t\t\t<\/div>\n\t\t\t\t<div class=\"qodef-e-content\">\n\t\t\t\t\t\t\t<div class=\"qodef-e-info qodef-info--top\">\n\t\t\t\t\t<div class=\"qodef-e-info-item qodef-e-info-category\">\n\t\t<a href=\"https:\/\/federnat.tiwsrl.com\/?cat=6\" rel=\"category\">News<\/a><\/div>\n\t\t\t\t<\/div>\n\t\t\t\t\t\t<div class=\"qodef-e-text\">\n\t\t\t\t<h5 class=\"qodef-e-title\">\n\t<a class=\"qodef-e-title-link\" href=\"https:\/\/federnat.tiwsrl.com\/?p=2360\">\n\t\t\u201cContento\u201d di nome e di fatto: Zaccherini conquista il suo primo Trofeo Croce Rossa Italiana\t<\/a>\n<\/h5>\n\t\t<p class=\"qodef-e-excerpt\">\n\t\t\tL\u2019ippodromo Arcoveggio di Bologna ha ospitato una domenica di grande sport e solidariet\u00e0 con le Finali del prestigioso Trofeo Croce Rossa Italiana vinto da Matteo Zaccherini con\t\t<\/p>\n\t\t\t\t<\/div>\n\t\t\t\t\t\t\t<div class=\"qodef-e-info qodef-info--bottom\">\n\t\t\t\t\t\t<div class=\"qodef-e-read-more\">\n\t\t<a class=\"qi-block-button qodef-block qodef-m qodef-html--link qodef-layout--textual qodef-type--standard   qodef-icon--right qodef-hover--icon-move-horizontal-short   qodef-text-underline qodef-underline--left  \" href=\"https:\/\/federnat.tiwsrl.com\/?p=2360\" target=\"_self\">\n\t<span class=\"qodef-m-text\">Continua a leggere<\/span>\n\t<\/a>\n\t<\/div>\n \t\t\t\t<\/div>\n\t\t\t\t\t<\/div>\n\t<\/div>\n<\/article>\n<article class=\"qodef-blog-item qodef-e qodef-gutenberg-column post-2309 post type-post status-publish format-standard has-post-thumbnail hentry category-news\">\n\t<div class=\"qodef-e-inner\">\n\t\t\t\t\t<div class=\"qodef-e-media-holder\">\n\t\t\t\t<div class=\"qodef-e-media\">\n\t\t<div class=\"qodef-e-media-image\">\n\t\t<a href=\"https:\/\/federnat.tiwsrl.com\/?p=2309\">\n\t\t\t<img loading=\"lazy\" decoding=\"async\" width=\"300\" height=\"251\" src=\"https:\/\/federnat.tiwsrl.com\/wp-content\/uploads\/2024\/12\/Caffe-Post-di-Facebook-3-300x251.jpg\" class=\"attachment-medium size-medium\" alt=\"\" srcset=\"https:\/\/federnat.tiwsrl.com\/wp-content\/uploads\/2024\/12\/Caffe-Post-di-Facebook-3-300x251.jpg 300w, https:\/\/federnat.tiwsrl.com\/wp-content\/uploads\/2024\/12\/Caffe-Post-di-Facebook-3-768x644.jpg 768w, https:\/\/federnat.tiwsrl.com\/wp-content\/uploads\/2024\/12\/Caffe-Post-di-Facebook-3.jpg 940w\" sizes=\"(max-width: 300px) 100vw, 300px\" \/>\t\t<\/a>\n\t<\/div>\n<\/div>\n<div class=\"qodef-e-info-item qodef-e-info-date\">\n\t<a href=\"https:\/\/federnat.tiwsrl.com\/?m=202412\">\n\t\t20 Dic\t<\/a>\n<\/div>\n\t\t\t<\/div>\n\t\t\t\t<div class=\"qodef-e-content\">\n\t\t\t\t\t\t\t<div class=\"qodef-e-info qodef-info--top\">\n\t\t\t\t\t<div class=\"qodef-e-info-item qodef-e-info-category\">\n\t\t<a href=\"https:\/\/federnat.tiwsrl.com\/?cat=6\" rel=\"category\">News<\/a><\/div>\n\t\t\t\t<\/div>\n\t\t\t\t\t\t<div class=\"qodef-e-text\">\n\t\t\t\t<h5 class=\"qodef-e-title\">\n\t<a class=\"qodef-e-title-link\" href=\"https:\/\/federnat.tiwsrl.com\/?p=2309\">\n\t\tGentlemen e solidariet\u00e0 si incontrano in pista nelle tradizionali Finali dell\u2019Arcoveggio del Croce Rossa e del Gentlemen 4 Life.\t<\/a>\n<\/h5>\n\t\t<p class=\"qodef-e-excerpt\">\n\t\t\tLa fine dell&#8217;anno \u00e8 tradizionalmente un momento dedicato alle finali dei nostri tornei, e quest&#8217;anno non fa eccezione. Dopo il successo delle recenti iniziative a favo\t\t<\/p>\n\t\t\t\t<\/div>\n\t\t\t\t\t\t\t<div class=\"qodef-e-info qodef-info--bottom\">\n\t\t\t\t\t\t<div class=\"qodef-e-read-more\">\n\t\t<a class=\"qi-block-button qodef-block qodef-m qodef-html--link qodef-layout--textual qodef-type--standard   qodef-icon--right qodef-hover--icon-move-horizontal-short   qodef-text-underline qodef-underline--left  \" href=\"https:\/\/federnat.tiwsrl.com\/?p=2309\" target=\"_self\">\n\t<span class=\"qodef-m-text\">Continua a leggere<\/span>\n\t<\/a>\n\t<\/div>\n \t\t\t\t<\/div>\n\t\t\t\t\t<\/div>\n\t<\/div>\n<\/article>\n<article class=\"qodef-blog-item qodef-e qodef-gutenberg-column post-2230 post type-post status-publish format-standard has-post-thumbnail hentry category-news\">\n\t<div class=\"qodef-e-inner\">\n\t\t\t\t\t<div class=\"qodef-e-media-holder\">\n\t\t\t\t<div class=\"qodef-e-media\">\n\t\t<div class=\"qodef-e-media-image\">\n\t\t<a href=\"https:\/\/federnat.tiwsrl.com\/?p=2230\">\n\t\t\t<img loading=\"lazy\" decoding=\"async\" width=\"300\" height=\"225\" src=\"https:\/\/federnat.tiwsrl.com\/wp-content\/uploads\/2024\/12\/WhatsApp-Image-2024-12-19-at-20.26.04-300x225.jpeg\" class=\"attachment-medium size-medium\" alt=\"\" srcset=\"https:\/\/federnat.tiwsrl.com\/wp-content\/uploads\/2024\/12\/WhatsApp-Image-2024-12-19-at-20.26.04-300x225.jpeg 300w, https:\/\/federnat.tiwsrl.com\/wp-content\/uploads\/2024\/12\/WhatsApp-Image-2024-12-19-at-20.26.04-1024x768.jpeg 1024w, https:\/\/federnat.tiwsrl.com\/wp-content\/uploads\/2024\/12\/WhatsApp-Image-2024-12-19-at-20.26.04-768x576.jpeg 768w, https:\/\/federnat.tiwsrl.com\/wp-content\/uploads\/2024\/12\/WhatsApp-Image-2024-12-19-at-20.26.04-1536x1152.jpeg 1536w, https:\/\/federnat.tiwsrl.com\/wp-content\/uploads\/2024\/12\/WhatsApp-Image-2024-12-19-at-20.26.04.jpeg 1600w\" sizes=\"(max-width: 300px) 100vw, 300px\" \/>\t\t<\/a>\n\t<\/div>\n<\/div>\n<div class=\"qodef-e-info-item qodef-e-info-date\">\n\t<a href=\"https:\/\/federnat.tiwsrl.com\/?m=202412\">\n\t\t20 Dic\t<\/a>\n<\/div>\n\t\t\t<\/div>\n\t\t\t\t<div class=\"qodef-e-content\">\n\t\t\t\t\t\t\t<div class=\"qodef-e-info qodef-info--top\">\n\t\t\t\t\t<div class=\"qodef-e-info-item qodef-e-info-category\">\n\t\t<a href=\"https:\/\/federnat.tiwsrl.com\/?cat=6\" rel=\"category\">News<\/a><\/div>\n\t\t\t\t<\/div>\n\t\t\t\t\t\t<div class=\"qodef-e-text\">\n\t\t\t\t<h5 class=\"qodef-e-title\">\n\t<a class=\"qodef-e-title-link\" href=\"https:\/\/federnat.tiwsrl.com\/?p=2230\">\n\t\tUn carrello di gioia per i piccoli pazienti dell\u2019 Ospedale Pediatrico Umberto I di Siracusa\t<\/a>\n<\/h5>\n\t\t<p class=\"qodef-e-excerpt\">\n\t\t\t\u00c8 Natale, tempo di doni e gesti di solidariet\u00e0, e la Federnat ha voluto confermare il proprio impegno verso il bene comune. Con grande piacere, annunciamo la consegna di un carre\t\t<\/p>\n\t\t\t\t<\/div>\n\t\t\t\t\t\t\t<div class=\"qodef-e-info qodef-info--bottom\">\n\t\t\t\t\t\t<div class=\"qodef-e-read-more\">\n\t\t<a class=\"qi-block-button qodef-block qodef-m qodef-html--link qodef-layout--textual qodef-type--standard   qodef-icon--right qodef-hover--icon-move-horizontal-short   qodef-text-underline qodef-underline--left  \" href=\"https:\/\/federnat.tiwsrl.com\/?p=2230\" target=\"_self\">\n\t<span class=\"qodef-m-text\">Continua a leggere<\/span>\n\t<\/a>\n\t<\/div>\n \t\t\t\t<\/div>\n\t\t\t\t\t<\/div>\n\t<\/div>\n<\/article>\n<article class=\"qodef-blog-item qodef-e qodef-gutenberg-column post-2305 post type-post status-publish format-standard has-post-thumbnail hentry category-news\">\n\t<div class=\"qodef-e-inner\">\n\t\t\t\t\t<div class=\"qodef-e-media-holder\">\n\t\t\t\t<div class=\"qodef-e-media\">\n\t\t<div class=\"qodef-e-media-image\">\n\t\t<a href=\"https:\/\/federnat.tiwsrl.com\/?p=2305\">\n\t\t\t<img loading=\"lazy\" decoding=\"async\" width=\"300\" height=\"199\" src=\"https:\/\/federnat.tiwsrl.com\/wp-content\/uploads\/2024\/12\/zakk-300x199.jpg\" class=\"attachment-medium size-medium\" alt=\"\" srcset=\"https:\/\/federnat.tiwsrl.com\/wp-content\/uploads\/2024\/12\/zakk-300x199.jpg 300w, https:\/\/federnat.tiwsrl.com\/wp-content\/uploads\/2024\/12\/zakk-1024x681.jpg 1024w, https:\/\/federnat.tiwsrl.com\/wp-content\/uploads\/2024\/12\/zakk-768x510.jpg 768w, https:\/\/federnat.tiwsrl.com\/wp-content\/uploads\/2024\/12\/zakk-1400x928.jpg 1400w, https:\/\/federnat.tiwsrl.com\/wp-content\/uploads\/2024\/12\/zakk.jpg 1500w\" sizes=\"(max-width: 300px) 100vw, 300px\" \/>\t\t<\/a>\n\t<\/div>\n<\/div>\n<div class=\"qodef-e-info-item qodef-e-info-date\">\n\t<a href=\"https:\/\/federnat.tiwsrl.com\/?m=202412\">\n\t\t18 Dic\t<\/a>\n<\/div>\n\t\t\t<\/div>\n\t\t\t\t<div class=\"qodef-e-content\">\n\t\t\t\t\t\t\t<div class=\"qodef-e-info qodef-info--top\">\n\t\t\t\t\t<div class=\"qodef-e-info-item qodef-e-info-category\">\n\t\t<a href=\"https:\/\/federnat.tiwsrl.com\/?cat=6\" rel=\"category\">News<\/a><\/div>\n\t\t\t\t<\/div>\n\t\t\t\t\t\t<div class=\"qodef-e-text\">\n\t\t\t\t<h5 class=\"qodef-e-title\">\n\t<a class=\"qodef-e-title-link\" href=\"https:\/\/federnat.tiwsrl.com\/?p=2305\">\n\t\tMatteo Zaccherini, orgoglio italiano alla International Amateur Race di Vincennes\t<\/a>\n<\/h5>\n\t\t<p class=\"qodef-e-excerpt\">\n\t\t\tLa Federnat \u00e8 lieta di annunciare che Matteo Zaccherini \u00e8 stato selezionato dalla FEGAT per partecipare alla prestigiosa International Amateur Race che si terr\u00e0 il 25 gennaio al\t\t<\/p>\n\t\t\t\t<\/div>\n\t\t\t\t\t\t\t<div class=\"qodef-e-info qodef-info--bottom\">\n\t\t\t\t\t\t<div class=\"qodef-e-read-more\">\n\t\t<a class=\"qi-block-button qodef-block qodef-m qodef-html--link qodef-layout--textual qodef-type--standard   qodef-icon--right qodef-hover--icon-move-horizontal-short   qodef-text-underline qodef-underline--left  \" href=\"https:\/\/federnat.tiwsrl.com\/?p=2305\" target=\"_self\">\n\t<span class=\"qodef-m-text\">Continua a leggere<\/span>\n\t<\/a>\n\t<\/div>\n \t\t\t\t<\/div>\n\t\t\t\t\t<\/div>\n\t<\/div>\n<\/article>\n<article class=\"qodef-blog-item qodef-e qodef-gutenberg-column post-2035 post type-post status-publish format-standard has-post-thumbnail hentry category-news\">\n\t<div class=\"qodef-e-inner\">\n\t\t\t\t\t<div class=\"qodef-e-media-holder\">\n\t\t\t\t<div class=\"qodef-e-media\">\n\t\t<div class=\"qodef-e-media-image\">\n\t\t<a href=\"https:\/\/federnat.tiwsrl.com\/?p=2035\">\n\t\t\t<img loading=\"lazy\" decoding=\"async\" width=\"300\" height=\"205\" src=\"https:\/\/federnat.tiwsrl.com\/wp-content\/uploads\/2024\/09\/logo_federnat-grande-300x205.jpg\" class=\"attachment-medium size-medium\" alt=\"\" srcset=\"https:\/\/federnat.tiwsrl.com\/wp-content\/uploads\/2024\/09\/logo_federnat-grande-300x205.jpg 300w, https:\/\/federnat.tiwsrl.com\/wp-content\/uploads\/2024\/09\/logo_federnat-grande-1024x699.jpg 1024w, https:\/\/federnat.tiwsrl.com\/wp-content\/uploads\/2024\/09\/logo_federnat-grande-768x524.jpg 768w, https:\/\/federnat.tiwsrl.com\/wp-content\/uploads\/2024\/09\/logo_federnat-grande-1536x1048.jpg 1536w, https:\/\/federnat.tiwsrl.com\/wp-content\/uploads\/2024\/09\/logo_federnat-grande-e1726651437281.jpg 1008w\" sizes=\"(max-width: 300px) 100vw, 300px\" \/>\t\t<\/a>\n\t<\/div>\n<\/div>\n<div class=\"qodef-e-info-item qodef-e-info-date\">\n\t<a href=\"https:\/\/federnat.tiwsrl.com\/?m=202412\">\n\t\t12 Dic\t<\/a>\n<\/div>\n\t\t\t<\/div>\n\t\t\t\t<div class=\"qodef-e-content\">\n\t\t\t\t\t\t\t<div class=\"qodef-e-info qodef-info--top\">\n\t\t\t\t\t<div class=\"qodef-e-info-item qodef-e-info-category\">\n\t\t<a href=\"https:\/\/federnat.tiwsrl.com\/?cat=6\" rel=\"category\">News<\/a><\/div>\n\t\t\t\t<\/div>\n\t\t\t\t\t\t<div class=\"qodef-e-text\">\n\t\t\t\t<h5 class=\"qodef-e-title\">\n\t<a class=\"qodef-e-title-link\" href=\"https:\/\/federnat.tiwsrl.com\/?p=2035\">\n\t\tLista partecipanti ammessi al Trofeo Gentlemen 4 Life\t<\/a>\n<\/h5>\n\t\t<p class=\"qodef-e-excerpt\">\n\t\t\tDi seguito troverete la classifica generale del Trofeo Gentlemen 4 Life che si svolger\u00e0 all&#8217;Ippodromo Arcoveggio di Bologna domenica 22 Dicembre 2024. Al G4L potranno partec\t\t<\/p>\n\t\t\t\t<\/div>\n\t\t\t\t\t\t\t<div class=\"qodef-e-info qodef-info--bottom\">\n\t\t\t\t\t\t<div class=\"qodef-e-read-more\">\n\t\t<a class=\"qi-block-button qodef-block qodef-m qodef-html--link qodef-layout--textual qodef-type--standard   qodef-icon--right qodef-hover--icon-move-horizontal-short   qodef-text-underline qodef-underline--left  \" href=\"https:\/\/federnat.tiwsrl.com\/?p=2035\" target=\"_self\">\n\t<span class=\"qodef-m-text\">Continua a leggere<\/span>\n\t<\/a>\n\t<\/div>\n \t\t\t\t<\/div>\n\t\t\t\t\t<\/div>\n\t<\/div>\n<\/article>\n<article class=\"qodef-blog-item qodef-e qodef-gutenberg-column post-2028 post type-post status-publish format-standard has-post-thumbnail hentry category-news\">\n\t<div class=\"qodef-e-inner\">\n\t\t\t\t\t<div class=\"qodef-e-media-holder\">\n\t\t\t\t<div class=\"qodef-e-media\">\n\t\t<div class=\"qodef-e-media-image\">\n\t\t<a href=\"https:\/\/federnat.tiwsrl.com\/?p=2028\">\n\t\t\t<img loading=\"lazy\" decoding=\"async\" width=\"300\" height=\"205\" src=\"https:\/\/federnat.tiwsrl.com\/wp-content\/uploads\/2024\/09\/logo_federnat-grande-300x205.jpg\" class=\"attachment-medium size-medium\" alt=\"\" srcset=\"https:\/\/federnat.tiwsrl.com\/wp-content\/uploads\/2024\/09\/logo_federnat-grande-300x205.jpg 300w, https:\/\/federnat.tiwsrl.com\/wp-content\/uploads\/2024\/09\/logo_federnat-grande-1024x699.jpg 1024w, https:\/\/federnat.tiwsrl.com\/wp-content\/uploads\/2024\/09\/logo_federnat-grande-768x524.jpg 768w, https:\/\/federnat.tiwsrl.com\/wp-content\/uploads\/2024\/09\/logo_federnat-grande-1536x1048.jpg 1536w, https:\/\/federnat.tiwsrl.com\/wp-content\/uploads\/2024\/09\/logo_federnat-grande-e1726651437281.jpg 1008w\" sizes=\"(max-width: 300px) 100vw, 300px\" \/>\t\t<\/a>\n\t<\/div>\n<\/div>\n<div class=\"qodef-e-info-item qodef-e-info-date\">\n\t<a href=\"https:\/\/federnat.tiwsrl.com\/?m=202412\">\n\t\t12 Dic\t<\/a>\n<\/div>\n\t\t\t<\/div>\n\t\t\t\t<div class=\"qodef-e-content\">\n\t\t\t\t\t\t\t<div class=\"qodef-e-info qodef-info--top\">\n\t\t\t\t\t<div class=\"qodef-e-info-item qodef-e-info-category\">\n\t\t<a href=\"https:\/\/federnat.tiwsrl.com\/?cat=6\" rel=\"category\">News<\/a><\/div>\n\t\t\t\t<\/div>\n\t\t\t\t\t\t<div class=\"qodef-e-text\">\n\t\t\t\t<h5 class=\"qodef-e-title\">\n\t<a class=\"qodef-e-title-link\" href=\"https:\/\/federnat.tiwsrl.com\/?p=2028\">\n\t\tLista partecipanti ammessi al Trofeo Croce Rossa Italiana\t<\/a>\n<\/h5>\n\t\t<p class=\"qodef-e-excerpt\">\n\t\t\tDi seguito troverete la lista completa di tutti coloro che hanno effettuato almeno una corsa durante l&#8217;anno legata al Trofeo Croce Rossa Italiana e che di conseguenza potrann\t\t<\/p>\n\t\t\t\t<\/div>\n\t\t\t\t\t\t\t<div class=\"qodef-e-info qodef-info--bottom\">\n\t\t\t\t\t\t<div class=\"qodef-e-read-more\">\n\t\t<a class=\"qi-block-button qodef-block qodef-m qodef-html--link qodef-layout--textual qodef-type--standard   qodef-icon--right qodef-hover--icon-move-horizontal-short   qodef-text-underline qodef-underline--left  \" href=\"https:\/\/federnat.tiwsrl.com\/?p=2028\" target=\"_self\">\n\t<span class=\"qodef-m-text\">Continua a leggere<\/span>\n\t<\/a>\n\t<\/div>\n \t\t\t\t<\/div>\n\t\t\t\t\t<\/div>\n\t<\/div>\n<\/article>\n<article class=\"qodef-blog-item qodef-e qodef-gutenberg-column post-2010 post type-post status-publish format-standard has-post-thumbnail hentry category-news\">\n\t<div class=\"qodef-e-inner\">\n\t\t\t\t\t<div class=\"qodef-e-media-holder\">\n\t\t\t\t<div class=\"qodef-e-media\">\n\t\t<div class=\"qodef-e-media-image\">\n\t\t<a href=\"https:\/\/federnat.tiwsrl.com\/?p=2010\">\n\t\t\t<img loading=\"lazy\" decoding=\"async\" width=\"300\" height=\"205\" src=\"https:\/\/federnat.tiwsrl.com\/wp-content\/uploads\/2024\/09\/logo_federnat-grande-300x205.jpg\" class=\"attachment-medium size-medium\" alt=\"\" srcset=\"https:\/\/federnat.tiwsrl.com\/wp-content\/uploads\/2024\/09\/logo_federnat-grande-300x205.jpg 300w, https:\/\/federnat.tiwsrl.com\/wp-content\/uploads\/2024\/09\/logo_federnat-grande-1024x699.jpg 1024w, https:\/\/federnat.tiwsrl.com\/wp-content\/uploads\/2024\/09\/logo_federnat-grande-768x524.jpg 768w, https:\/\/federnat.tiwsrl.com\/wp-content\/uploads\/2024\/09\/logo_federnat-grande-1536x1048.jpg 1536w, https:\/\/federnat.tiwsrl.com\/wp-content\/uploads\/2024\/09\/logo_federnat-grande-e1726651437281.jpg 1008w\" sizes=\"(max-width: 300px) 100vw, 300px\" \/>\t\t<\/a>\n\t<\/div>\n<\/div>\n<div class=\"qodef-e-info-item qodef-e-info-date\">\n\t<a href=\"https:\/\/federnat.tiwsrl.com\/?m=202412\">\n\t\t10 Dic\t<\/a>\n<\/div>\n\t\t\t<\/div>\n\t\t\t\t<div class=\"qodef-e-content\">\n\t\t\t\t\t\t\t<div class=\"qodef-e-info qodef-info--top\">\n\t\t\t\t\t<div class=\"qodef-e-info-item qodef-e-info-category\">\n\t\t<a href=\"https:\/\/federnat.tiwsrl.com\/?cat=6\" rel=\"category\">News<\/a><\/div>\n\t\t\t\t<\/div>\n\t\t\t\t\t\t<div class=\"qodef-e-text\">\n\t\t\t\t<h5 class=\"qodef-e-title\">\n\t<a class=\"qodef-e-title-link\" href=\"https:\/\/federnat.tiwsrl.com\/?p=2010\">\n\t\tTesseramento 2025\t<\/a>\n<\/h5>\n\t\t<p class=\"qodef-e-excerpt\">\n\t\t\tLa quota associativa annuale va versata direttamente al proprio Club di appartenenza con le modalit\u00e0 indicate da ciascun Club. Nella sezione del sito dedicata ai&nbsp;Club Regiona\t\t<\/p>\n\t\t\t\t<\/div>\n\t\t\t\t\t\t\t<div class=\"qodef-e-info qodef-info--bottom\">\n\t\t\t\t\t\t<div class=\"qodef-e-read-more\">\n\t\t<a class=\"qi-block-button qodef-block qodef-m qodef-html--link qodef-layout--textual qodef-type--standard   qodef-icon--right qodef-hover--icon-move-horizontal-short   qodef-text-underline qodef-underline--left  \" href=\"https:\/\/federnat.tiwsrl.com\/?p=2010\" target=\"_self\">\n\t<span class=\"qodef-m-text\">Continua a leggere<\/span>\n\t<\/a>\n\t<\/div>\n \t\t\t\t<\/div>\n\t\t\t\t\t<\/div>\n\t<\/div>\n<\/article>\n<article class=\"qodef-blog-item qodef-e qodef-gutenberg-column post-1999 post type-post status-publish format-standard has-post-thumbnail hentry category-news\">\n\t<div class=\"qodef-e-inner\">\n\t\t\t\t\t<div class=\"qodef-e-media-holder\">\n\t\t\t\t<div class=\"qodef-e-media\">\n\t\t<div class=\"qodef-e-media-image\">\n\t\t<a href=\"https:\/\/federnat.tiwsrl.com\/?p=1999\">\n\t\t\t<img loading=\"lazy\" decoding=\"async\" width=\"300\" height=\"199\" src=\"https:\/\/federnat.tiwsrl.com\/wp-content\/uploads\/2024\/12\/meyer-300x199.jpg\" class=\"attachment-medium size-medium\" alt=\"\" srcset=\"https:\/\/federnat.tiwsrl.com\/wp-content\/uploads\/2024\/12\/meyer-300x199.jpg 300w, https:\/\/federnat.tiwsrl.com\/wp-content\/uploads\/2024\/12\/meyer-1024x681.jpg 1024w, https:\/\/federnat.tiwsrl.com\/wp-content\/uploads\/2024\/12\/meyer-768x510.jpg 768w, https:\/\/federnat.tiwsrl.com\/wp-content\/uploads\/2024\/12\/meyer-1400x928.jpg 1400w, https:\/\/federnat.tiwsrl.com\/wp-content\/uploads\/2024\/12\/meyer.jpg 1500w\" sizes=\"(max-width: 300px) 100vw, 300px\" \/>\t\t<\/a>\n\t<\/div>\n<\/div>\n<div class=\"qodef-e-info-item qodef-e-info-date\">\n\t<a href=\"https:\/\/federnat.tiwsrl.com\/?m=202412\">\n\t\t8 Dic\t<\/a>\n<\/div>\n\t\t\t<\/div>\n\t\t\t\t<div class=\"qodef-e-content\">\n\t\t\t\t\t\t\t<div class=\"qodef-e-info qodef-info--top\">\n\t\t\t\t\t<div class=\"qodef-e-info-item qodef-e-info-category\">\n\t\t<a href=\"https:\/\/federnat.tiwsrl.com\/?cat=6\" rel=\"category\">News<\/a><\/div>\n\t\t\t\t<\/div>\n\t\t\t\t\t\t<div class=\"qodef-e-text\">\n\t\t\t\t<h5 class=\"qodef-e-title\">\n\t<a class=\"qodef-e-title-link\" href=\"https:\/\/federnat.tiwsrl.com\/?p=1999\">\n\t\tGentlemen toscani dalla parte dei bambini: Matteo Angeloni e Zeno del Ronco trionfano nel Trofeo Meyer 2024\t<\/a>\n<\/h5>\n\t\t<p class=\"qodef-e-excerpt\">\n\t\t\tAll&#8217;Ippodromo Visarno \u201cCesare Meli\u201d di Firenze, nello splendido pomeriggio in cui \u00e8 andato in scena il prestigioso Gran Premio Duomo vinto con tanto di addio alle corse \t\t<\/p>\n\t\t\t\t<\/div>\n\t\t\t\t\t\t\t<div class=\"qodef-e-info qodef-info--bottom\">\n\t\t\t\t\t\t<div class=\"qodef-e-read-more\">\n\t\t<a class=\"qi-block-button qodef-block qodef-m qodef-html--link qodef-layout--textual qodef-type--standard   qodef-icon--right qodef-hover--icon-move-horizontal-short   qodef-text-underline qodef-underline--left  \" href=\"https:\/\/federnat.tiwsrl.com\/?p=1999\" target=\"_self\">\n\t<span class=\"qodef-m-text\">Continua a leggere<\/span>\n\t<\/a>\n\t<\/div>\n \t\t\t\t<\/div>\n\t\t\t\t\t<\/div>\n\t<\/div>\n<\/article>\n<article class=\"qodef-blog-item qodef-e qodef-gutenberg-column post-1993 post type-post status-publish format-standard has-post-thumbnail hentry category-news\">\n\t<div class=\"qodef-e-inner\">\n\t\t\t\t\t<div class=\"qodef-e-media-holder\">\n\t\t\t\t<div class=\"qodef-e-media\">\n\t\t<div class=\"qodef-e-media-image\">\n\t\t<a href=\"https:\/\/federnat.tiwsrl.com\/?p=1993\">\n\t\t\t<img loading=\"lazy\" decoding=\"async\" width=\"300\" height=\"201\" src=\"https:\/\/federnat.tiwsrl.com\/wp-content\/uploads\/2024\/12\/esp-e1733840627780-300x201.jpg\" class=\"attachment-medium size-medium\" alt=\"\" srcset=\"https:\/\/federnat.tiwsrl.com\/wp-content\/uploads\/2024\/12\/esp-e1733840627780-300x201.jpg 300w, https:\/\/federnat.tiwsrl.com\/wp-content\/uploads\/2024\/12\/esp-e1733840627780-1024x685.jpg 1024w, https:\/\/federnat.tiwsrl.com\/wp-content\/uploads\/2024\/12\/esp-e1733840627780-768x514.jpg 768w, https:\/\/federnat.tiwsrl.com\/wp-content\/uploads\/2024\/12\/esp-e1733840627780.jpg 1315w\" sizes=\"(max-width: 300px) 100vw, 300px\" \/>\t\t<\/a>\n\t<\/div>\n<\/div>\n<div class=\"qodef-e-info-item qodef-e-info-date\">\n\t<a href=\"https:\/\/federnat.tiwsrl.com\/?m=202412\">\n\t\t7 Dic\t<\/a>\n<\/div>\n\t\t\t<\/div>\n\t\t\t\t<div class=\"qodef-e-content\">\n\t\t\t\t\t\t\t<div class=\"qodef-e-info qodef-info--top\">\n\t\t\t\t\t<div class=\"qodef-e-info-item qodef-e-info-category\">\n\t\t<a href=\"https:\/\/federnat.tiwsrl.com\/?cat=6\" rel=\"category\">News<\/a><\/div>\n\t\t\t\t<\/div>\n\t\t\t\t\t\t<div class=\"qodef-e-text\">\n\t\t\t\t<h5 class=\"qodef-e-title\">\n\t<a class=\"qodef-e-title-link\" href=\"https:\/\/federnat.tiwsrl.com\/?p=1993\">\n\t\tPer la prima volta Filippo Esposito conquista l&#8217;ambita Targa d&#8217;oro\t<\/a>\n<\/h5>\n\t\t<p class=\"qodef-e-excerpt\">\n\t\t\tCon una performance determinata e impeccabile,&nbsp;il campano Filippo Esposito , in sediolo a Castaldo Cas&nbsp;, ha conquistato il Memorial Alessandro Andreoni, finale della&amp;nbsp\t\t<\/p>\n\t\t\t\t<\/div>\n\t\t\t\t\t\t\t<div class=\"qodef-e-info qodef-info--bottom\">\n\t\t\t\t\t\t<div class=\"qodef-e-read-more\">\n\t\t<a class=\"qi-block-button qodef-block qodef-m qodef-html--link qodef-layout--textual qodef-type--standard   qodef-icon--right qodef-hover--icon-move-horizontal-short   qodef-text-underline qodef-underline--left  \" href=\"https:\/\/federnat.tiwsrl.com\/?p=1993\" target=\"_self\">\n\t<span class=\"qodef-m-text\">Continua a leggere<\/span>\n\t<\/a>\n\t<\/div>\n \t\t\t\t<\/div>\n\t\t\t\t\t<\/div>\n\t<\/div>\n<\/article>\n\t\t\t<\/div>\n\t\t\t<div class=\"qodef-m-pagination qodef--standard\">\n\t\t<nav class=\"navigation pagination\" role=\"navigation\" aria-label=\"Posts\">\n\t\t\t<h2 class=\"screen-reader-text\">Posts navigation<\/h2>\n\t\t\t<div class=\"nav-links\">\n\t\t\t\t<span aria-current=\"page\" class=\"page-numbers current\">1<\/span>\n<a class=\"page-numbers\" href=\"https:\/\/federnat.tiwsrl.com\/index.php\/?paged=2&#038;rest_route=%2Fwp%2Fv2%2Fpages%2F923\">2<\/a>\n<a class=\"page-numbers\" href=\"https:\/\/federnat.tiwsrl.com\/index.php\/?paged=3&#038;rest_route=%2Fwp%2Fv2%2Fpages%2F923\">3<\/a>\n<span class=\"page-numbers dots\">&hellip;<\/span>\n<a class=\"page-numbers\" href=\"https:\/\/federnat.tiwsrl.com\/index.php\/?paged=7&#038;rest_route=%2Fwp%2Fv2%2Fpages%2F923\">7<\/a>\n<a class=\"next page-numbers\" href=\"https:\/\/federnat.tiwsrl.com\/index.php\/?paged=2&#038;rest_route=%2Fwp%2Fv2%2Fpages%2F923\"><svg class=\"qodef-m-pagination-icon\" xmlns=\"http:\/\/www.w3.org\/2000\/svg\" xmlns:xlink=\"http:\/\/www.w3.org\/1999\/xlink\" x=\"0px\" y=\"0px\" viewBox=\"0 0 34.2 32.3\" xml:space=\"preserve\" style=\"stroke-width: 2;\"><line x1=\"0\" y1=\"16\" x2=\"33\" y2=\"16\"\/><line x1=\"17.3\" y1=\"0.7\" x2=\"33.2\" y2=\"16.5\"\/><line x1=\"17.3\" y1=\"31.6\" x2=\"33.5\" y2=\"15.4\"\/><\/svg><\/a>\t\t\t<\/div>\n\t\t<\/nav>\n\t<\/div>\n\t<\/div>\n<\/div>\n\n\n\n<div class=\"wp-block-group is-vertical is-content-justification-center is-layout-flex wp-container-core-group-is-layout-3b8b5c37 wp-block-group-is-layout-flex\" style=\"margin-top:var(--wp--preset--spacing--50);margin-bottom:var(--wp--preset--spacing--50);padding-right:var(--wp--preset--spacing--80);padding-left:var(--wp--preset--spacing--80)\"><div style=\"font-style:italic;font-weight:100;line-height:1.1;margin-top:var(--wp--preset--spacing--50);margin-bottom:var(--wp--preset--spacing--50);margin-left:0;margin-right:0\" class=\"wp-block-archives-dropdown aligncenter wp-block-archives has-medium-font-size\"><label for=\"wp-block-archives-2\" class=\"wp-block-archives__label\">Archivi<\/label>\n\t\t<select id=\"wp-block-archives-2\" name=\"archive-dropdown\">\n\t\t<option value=\"\">Seleziona l&#039;anno<\/option>\t<option value='https:\/\/federnat.tiwsrl.com\/?m=2024'> 2024 <\/option>\n\t<option value='https:\/\/federnat.tiwsrl.com\/?m=2023'> 2023 <\/option>\n\t<option value='https:\/\/federnat.tiwsrl.com\/?m=2022'> 2022 <\/option>\n<\/select><script>\n( ( [ dropdownId, homeUrl ] ) => {\n\t\tconst dropdown = document.getElementById( dropdownId );\n\t\tfunction onSelectChange() {\n\t\t\tsetTimeout( () => {\n\t\t\t\tif ( 'escape' === dropdown.dataset.lastkey ) {\n\t\t\t\t\treturn;\n\t\t\t\t}\n\t\t\t\tif ( dropdown.value ) {\n\t\t\t\t\tlocation.href = dropdown.value;\n\t\t\t\t}\n\t\t\t}, 250 );\n\t\t}\n\t\tfunction onKeyUp( event ) {\n\t\t\tif ( 'Escape' === event.key ) {\n\t\t\t\tdropdown.dataset.lastkey = 'escape';\n\t\t\t} else {\n\t\t\t\tdelete dropdown.dataset.lastkey;\n\t\t\t}\n\t\t}\n\t\tfunction onClick() {\n\t\t\tdelete dropdown.dataset.lastkey;\n\t\t}\n\t\tdropdown.addEventListener( 'keyup', onKeyUp );\n\t\tdropdown.addEventListener( 'click', onClick );\n\t\tdropdown.addEventListener( 'change', onSelectChange );\n\t} )( [\"wp-block-archives-2\",\"https:\/\/federnat.tiwsrl.com\"] );\n\/\/# sourceURL=block_core_archives_build_dropdown_script\n<\/script>\n<\/div>\n\n<div class=\"alignleft wp-elements-1 wp-block-calendar has-small-font-size\"><table id=\"wp-calendar\" class=\"wp-calendar-table has-text-color has-dark-gray-color has-background has-light-gray-background-color has-link-color\">\n\t<caption>Settembre 2026<\/caption>\n\t<thead>\n\t<tr>\n\t\t<th scope=\"col\" aria-label=\"luned\u00ec\">L<\/th>\n\t\t<th scope=\"col\" aria-label=\"marted\u00ec\">M<\/th>\n\t\t<th scope=\"col\" aria-label=\"mercoled\u00ec\">M<\/th>\n\t\t<th scope=\"col\" aria-label=\"gioved\u00ec\">G<\/th>\n\t\t<th scope=\"col\" aria-label=\"venerd\u00ec\">V<\/th>\n\t\t<th scope=\"col\" aria-label=\"sabato\">S<\/th>\n\t\t<th scope=\"col\" aria-label=\"domenica\">D<\/th>\n\t<\/tr>\n\t<\/thead>\n\t<tbody>\n\t<tr>\n\t\t<td colspan=\"1\" class=\"pad\">&nbsp;<\/td><td>1<\/td><td>2<\/td><td>3<\/td><td>4<\/td><td id=\"today\">5<\/td><td>6<\/td>\n\t<\/tr>\n\t<tr>\n\t\t<td>7<\/td><td>8<\/td><td>9<\/td><td>10<\/td><td>11<\/td><td>12<\/td><td>13<\/td>\n\t<\/tr>\n\t<tr>\n\t\t<td>14<\/td><td>15<\/td><td>16<\/td><td>17<\/td><td>18<\/td><td>19<\/td><td>20<\/td>\n\t<\/tr>\n\t<tr>\n\t\t<td>21<\/td><td>22<\/td><td>23<\/td><td>24<\/td><td>25<\/td><td>26<\/td><td>27<\/td>\n\t<\/tr>\n\t<tr>\n\t\t<td>28<\/td><td>29<\/td><td>30<\/td>\n\t\t<td class=\"pad\" colspan=\"4\">&nbsp;<\/td>\n\t<\/tr>\n\t<\/tbody>\n\t<\/table><nav aria-label=\"Mesi precedenti e successivi\" class=\"wp-calendar-nav\">\n\t\t<span class=\"wp-calendar-nav-prev\"><a href=\"https:\/\/federnat.tiwsrl.com\/?m=202412\">&laquo; Dic<\/a><\/span>\n\t\t<span class=\"pad\">&nbsp;<\/span>\n\t\t<span class=\"wp-calendar-nav-next\">&nbsp;<\/span>\n\t<\/nav><\/div><\/div>\n","protected":false},"excerpt":{"rendered":"","protected":false},"author":4,"featured_media":0,"parent":0,"menu_order":0,"comment_status":"closed","ping_status":"closed","template":"","meta":{"footnotes":""},"class_list":["post-923","page","type-page","status-publish","hentry"],"_links":{"self":[{"href":"https:\/\/federnat.tiwsrl.com\/index.php?rest_route=\/wp\/v2\/pages\/923","targetHints":{"allow":["GET"]}}],"collection":[{"href":"https:\/\/federnat.tiwsrl.com\/index.php?rest_route=\/wp\/v2\/pages"}],"about":[{"href":"https:\/\/federnat.tiwsrl.com\/index.php?rest_route=\/wp\/v2\/types\/page"}],"author":[{"embeddable":true,"href":"https:\/\/federnat.tiwsrl.com\/index.php?rest_route=\/wp\/v2\/users\/4"}],"replies":[{"embeddable":true,"href":"https:\/\/federnat.tiwsrl.com\/index.php?rest_route=%2Fwp%2Fv2%2Fcomments&post=923"}],"version-history":[{"count":54,"href":"https:\/\/federnat.tiwsrl.com\/index.php?rest_route=\/wp\/v2\/pages\/923\/revisions"}],"predecessor-version":[{"id":2071,"href":"https:\/\/federnat.tiwsrl.com\/index.php?rest_route=\/wp\/v2\/pages\/923\/revisions\/2071"}],"wp:attachment":[{"href":"https:\/\/federnat.tiwsrl.com\/index.php?rest_route=%2Fwp%2Fv2%2Fmedia&parent=923"}],"curies":[{"name":"wp","href":"https:\/\/api.w.org\/{rel}","templated":true}]}}