{"id":118,"date":"2024-07-18T12:10:54","date_gmt":"2024-07-18T10:10:54","guid":{"rendered":"https:\/\/mariodatabase.altervista.org\/?page_id=118"},"modified":"2024-10-24T15:31:13","modified_gmt":"2024-10-24T13:31:13","slug":"attivita-promozionali","status":"publish","type":"page","link":"https:\/\/federnat.tiwsrl.com\/?page_id=118","title":{"rendered":"Attivit\u00e0 promozionale"},"content":{"rendered":"\n<p class=\"has-text-align-left has-small-font-size wp-block-paragraph\" style=\"margin-top:var(--wp--preset--spacing--50);margin-bottom:var(--wp--preset--spacing--50)\"><strong>L&#8217;attivit\u00e0 promozionale della Federnat si svolge lungo tre direttrici:<\/strong><\/p>\n\n\n\n<div class=\"wp-block-group alignwide is-layout-constrained wp-block-group-is-layout-constrained\">\n<div class=\"wp-block-qi-blocks-timeline qodef-block-container qodef-block-50e9f528\"><div class=\"qi-block-timeline qodef-block qodef-m qodef-timeline--vertical qodef-timeline-layout--vertical-separated qodef--has-appear qodef-line--outside qodef-point--standard qodef-reverse-padding\" data-options=\"{&quot;colNum&quot;:3}\"><div class=\"qodef-timeline-inner\"><div class=\"qodef-e qodef-e-item qodef-obverse\"><div class=\"qodef-e-line-holder\"><span class=\"qodef-e-line\"><\/span><\/div><div class=\"qodef-e-item-inner\"><div class=\"qodef-e-point-holder\"><div class=\"qodef-e-point\"><\/div><\/div><div class=\"qodef-e-side-holder\"><div class=\"qodef-e-image\"><img decoding=\"async\" src=\"http:\/\/federnat.tiwsrl.com\/wp-content\/uploads\/2024\/10\/corsa-trotto-ippica.webp\" alt=\"\"\/><\/div><\/div><div class=\"qodef-e-content-holder\"><h4 class=\"qodef-e-title\">Nell&#8217;ambito dell&#8217;Ippica<\/h4><p class=\"qodef-e-text\">Promuovendo la massima partecipazione alla vita agonistica del Trotto e incrementando la professionalit\u00e0 del settore.<\/p><\/div><\/div><\/div><div class=\"qodef-e qodef-e-item qodef-reverse\"><div class=\"qodef-e-line-holder\"><span class=\"qodef-e-line\"><\/span><\/div><div class=\"qodef-e-item-inner\"><div class=\"qodef-e-point-holder\"><div class=\"qodef-e-point\"><\/div><\/div><div class=\"qodef-e-side-holder\"><div class=\"qodef-e-image\"><img decoding=\"async\" src=\"http:\/\/federnat.tiwsrl.com\/wp-content\/uploads\/2024\/09\/CEpubblico-1.jpg\" alt=\"\"\/><\/div><\/div><div class=\"qodef-e-content-holder\"><h4 class=\"qodef-e-title\">Dall&#8217;interno all&#8217;esterno<\/h4><p class=\"qodef-e-text\">promuovendo (con l&#8217;ausilio di tutti i mezzi di comunicazione) la presa di coscienza che l&#8217;ippica \u00e8 in grado di assicurare a vasti strati della realt\u00e0 sociale Italiana un sano divertimento, contribuendo in maniera decisiva al superamento delle contraddizioni del crescente tempo libero nella nostra epoca.<\/p><\/div><\/div><\/div><div class=\"qodef-e qodef-e-item qodef-obverse\"><div class=\"qodef-e-line-holder\"><span class=\"qodef-e-line\"><\/span><\/div><div class=\"qodef-e-item-inner\"><div class=\"qodef-e-point-holder\"><div class=\"qodef-e-point\"><\/div><\/div><div class=\"qodef-e-side-holder\"><div class=\"qodef-e-image\"><img decoding=\"async\" src=\"http:\/\/federnat.tiwsrl.com\/wp-content\/uploads\/2024\/10\/ippoterapia.webp\" alt=\"\"\/><\/div><\/div><div class=\"qodef-e-content-holder\"><h4 class=\"qodef-e-title\">Al di fuori dell&#8217;Ippica<\/h4><p class=\"qodef-e-text\">diffondendo la coscienza dell&#8217;insostituibile funzione del cavallo come strumento di conoscenza e quindi di intelligente uso della natura.<\/p><\/div><\/div><\/div><\/div><\/div><\/div>\n<\/div>\n\n\n\n<p class=\"wp-block-paragraph\" style=\"margin-top:var(--wp--preset--spacing--50);margin-bottom:var(--wp--preset--spacing--50)\"><strong>Il cavallo<\/strong> \u00e8 sempre stato amico dell&#8217;uomo, ma mai come nella moderna civilt\u00e0 pu\u00f2 essergli utile in termini concreti. Non pi\u00f9 forse come strumento di fatica o come mezzo di trasporto, ma certo come veicolo privilegiato per riprendere quel contatto con la natura che costituisce esigenza primaria dell&#8217;uomo moderno. Cavallo come ecologia, dunque. Ma anche come compagno di vita e strumento per un intelligente tempo libero. E anche, infine, come compagno in una vera e propria attivit\u00e0 sportiva. A questi bisogni risponde lo sport ippico, al cui interno opera la categoria dei Gentlemen Drivers che svolgono funzione di collegamento col resto della societ\u00e0, operando ciscuno nel proprio Paese e nell&#8217;ambito della propria attivit\u00e0 o professione.<\/p>\n\n\n\n<p class=\"wp-block-paragraph\">In questo contesto, oltre alla normale attivit\u00e0 tecnica e agonistica, la Federnat svolge un&#8217;intensa attivit\u00e0 promozionale che culmina, ogni anno in una citt\u00e0 diversa, con un Incontro Nazionale a tema, che sempre&nbsp;<strong>abbina l&#8217;evento sportivo a importanti iniziative culturali<\/strong>.<\/p>\n\n\n\n<p class=\"wp-block-paragraph\">Anche quest&#8217;anno il Gran Premio vedr\u00e0 alla partenza i migliori Gentlemen Drivers d&#8217;Italia che sono anche qualificati e affermati imprenditori o commercianti e comunque persone inserite al massimo livello nella vita produttiva delle rispettive regioni. La corsa per\u00f2, per quanto importante, sar\u00e0 solo una piccola parte della manifestazione che manterr\u00e0 il carattere di evento culturale e sociale.<\/p>\n\n\n\n<p class=\"wp-block-paragraph\"><\/p>\n\n\n\n<p class=\"wp-block-paragraph\"><\/p>\n\n\n\n<p class=\"wp-block-paragraph\">Gli incontri Nazionali finora svolti sono stati:<\/p>\n\n\n\n<p class=\"has-text-align-center wp-block-paragraph\"><strong>29 Maggio 1982 &#8211; BOLOGNA<\/strong><\/p>\n\n\n\n<hr class=\"wp-block-separator has-alpha-channel-opacity\" style=\"margin-top:var(--wp--preset--spacing--50);margin-bottom:var(--wp--preset--spacing--50)\"\/>\n\n\n\n<p class=\"has-text-align-center wp-block-paragraph\"><em>Sul tema &#8220;IPPICA OGGI: ECOLOGIA, TEMPO LIBERO E SPORT&#8221;, con mostra fotografica, concorsi nelle scuole e con il lancio di uno slogan destinato a riscuotere successo in ogni ambiente al di fuori a al di dentro dell&#8217;ippica.<\/em><\/p>\n\n\n\n<hr class=\"wp-block-separator has-alpha-channel-opacity\" style=\"margin-top:var(--wp--preset--spacing--50);margin-bottom:var(--wp--preset--spacing--50)\"\/>\n\n\n\n<p class=\"has-text-align-center wp-block-paragraph\"><strong>19 Marzo 1983 &#8211; FIRENZE<\/strong><\/p>\n\n\n\n<p class=\"has-text-align-center wp-block-paragraph\"><em>Sul tema &#8220;CAVALLO E TERRITORIO: ASPETTI ECONOMICI E SOCIALI&#8221;, con esposizione di sculture e lancio dell&#8217;idea del museo permanente di Marino Marini, un convegno internazionale e concorsi di architettura e disegno. Nel corso del convegno furono anche presentate proposte tecniche concrete per l&#8217;automazione della raccolta scommesse.<\/em><\/p>\n\n\n\n<hr class=\"wp-block-separator has-alpha-channel-opacity\" style=\"margin-top:var(--wp--preset--spacing--50);margin-bottom:var(--wp--preset--spacing--50)\"\/>\n\n\n\n<p class=\"has-text-align-center wp-block-paragraph\"><strong>13-19 Maggio 1984 &#8211; ROMA<\/strong><\/p>\n\n\n\n<p class=\"has-text-align-center wp-block-paragraph\"><em>Sul tema &#8220;IL CAVALLO E L&#8217;ARTE&#8221; con mostra di sculture dell&#8217;artista svizzero Nag&nbsp;Arnoldi in Palazzo Barberini e grande riscontro nel mondo artistico nazionale,&nbsp;oltre a un&#8217;originale e suggestiva serata di gala in costume.<\/em><\/p>\n\n\n\n<hr class=\"wp-block-separator has-alpha-channel-opacity\" style=\"margin-top:var(--wp--preset--spacing--50);margin-bottom:var(--wp--preset--spacing--50)\"\/>\n\n\n\n<p class=\"has-text-align-center wp-block-paragraph\"><strong>27 Aprile 1985 &#8211; MILANO<\/strong><\/p>\n\n\n\n<p class=\"has-text-align-center wp-block-paragraph\"><em>Sul tema &#8220;I CENTO CAVALLI DEL RE&#8221; con mostra d&#8217;arte contemporanea e serata&nbsp;benefica a Villa Reale a Monza a favore dell&#8217;Associazione Ricerca sul Cancro.<\/em><\/p>\n\n\n\n<hr class=\"wp-block-separator has-alpha-channel-opacity\" style=\"margin-top:var(--wp--preset--spacing--50);margin-bottom:var(--wp--preset--spacing--50)\"\/>\n\n\n\n<p class=\"has-text-align-center wp-block-paragraph\"><strong>5 Aprile 1986 &#8211; FIRENZE<\/strong><\/p>\n\n\n\n<p class=\"has-text-align-center wp-block-paragraph\"><em>Incentrata sut restauro del fregio sansoviniano del frontone della Villa Medicea di&nbsp;Poggio a Caiano, quando la manifestazione costitu\u00ec momento significativo delle&nbsp;celebrazioni per &#8220;Firenze capitale della cultura europea&#8221;, con serata di Gala alla&nbsp;presenza di Ministri e massime personalit\u00e0.<\/em><\/p>\n\n\n\n<hr class=\"wp-block-separator has-alpha-channel-opacity\" style=\"margin-top:var(--wp--preset--spacing--50);margin-bottom:var(--wp--preset--spacing--50)\"\/>\n\n\n\n<p class=\"has-text-align-center wp-block-paragraph\"><strong>25 Aprile 1987 &#8211; TARANTO<\/strong><\/p>\n\n\n\n<p class=\"has-text-align-center wp-block-paragraph\"><em>In concomitanza col &#8220;XXXIV EUROPEAN CHAMPIONSHIP AMATEUR DRIVERS&#8221;,&nbsp;Campionato Europeo di Trotto, con la partecipazione di delegazioni da USA,&nbsp;Canada e dalle 6 Nazioni Europee fra cui per la prima volta un Paese dell&#8217;Est.<\/em><\/p>\n\n\n\n<hr class=\"wp-block-separator has-alpha-channel-opacity\" style=\"margin-top:var(--wp--preset--spacing--50);margin-bottom:var(--wp--preset--spacing--50)\"\/>\n\n\n\n<p class=\"has-text-align-center wp-block-paragraph\"><strong>14 Maggio 1988 &#8211; FIRENZE<\/strong><\/p>\n\n\n\n<p class=\"has-text-align-center wp-block-paragraph\"><em>Quando fu realizzata una manifestazione riservata alla classe e all&#8217;eleganza, riunendo&nbsp;per il Gran Ballo di Gala, nella splendida cornice di Palazzo Corsini, importanti&nbsp;esponenti del mondo ippico insieme a rappresentanti della realt\u00e0 economica&nbsp;e sociale Italiana.<\/em><\/p>\n\n\n\n<hr class=\"wp-block-separator has-alpha-channel-opacity\" style=\"margin-top:var(--wp--preset--spacing--50);margin-bottom:var(--wp--preset--spacing--50)\"\/>\n\n\n\n<p class=\"has-text-align-center wp-block-paragraph\"><strong>21 Maggio 1989 &#8211; TORINO, SAINT VINCENT<\/strong><\/p>\n\n\n\n<p class=\"has-text-align-center wp-block-paragraph\"><em>Con presentazione di una pubblicazione sulla storia del Trotto piemontese, esposizione&nbsp;e asta benefica di opere dello scultore Tarantino, donazione di un&#8217;ambulanza&nbsp;attrezzata alla Croce Rossa piemontese e serata di Gala al Casin\u00f2 di Saint Vincent.<\/em><\/p>\n\n\n\n<hr class=\"wp-block-separator has-alpha-channel-opacity\" style=\"margin-top:var(--wp--preset--spacing--50);margin-bottom:var(--wp--preset--spacing--50)\"\/>\n\n\n\n<p class=\"has-text-align-center wp-block-paragraph\"><strong>28-29 Aprile 1990 &#8211; MILANO<\/strong><\/p>\n\n\n\n<p class=\"has-text-align-center wp-block-paragraph\"><em>Con recupero e dono alla Biblioteca Trivuiziana del Comune di Milano di un prezioso&nbsp;volume antico sulle cacce a cavallo, mostra di incunaboli, pubblicazione sul&nbsp;restauro, raccolta benefica a favore del Centro di rieducazione equestre Vittorio Di&nbsp;Capua e serata di gala nel Cortile della Rocchetta in Castello Sforzesco.<\/em><\/p>\n\n\n\n<hr class=\"wp-block-separator has-alpha-channel-opacity\" style=\"margin-top:var(--wp--preset--spacing--50);margin-bottom:var(--wp--preset--spacing--50)\"\/>\n\n\n\n<p class=\"has-text-align-center wp-block-paragraph\"><strong>27-28 Aprile 1991 &#8211; PADOVA, VENEZIA<\/strong><\/p>\n\n\n\n<p class=\"has-text-align-center wp-block-paragraph\"><em>Con restauro dei preziosi dipinti di scuola veneta rinascimentale a favore del Museo&nbsp;della Fondazione Breda, raccolta benefica a favore delle attivit\u00e0 assistenziali della&nbsp;Fondazione e ballo di gala alla luce delle candele di Palazzo Pisani Moretta sul Canal&nbsp;Grande a Venezia.<\/em><\/p>\n\n\n\n<hr class=\"wp-block-separator has-alpha-channel-opacity\" style=\"margin-top:var(--wp--preset--spacing--50);margin-bottom:var(--wp--preset--spacing--50)\"\/>\n\n\n\n<p class=\"has-text-align-center wp-block-paragraph\"><strong>15-16 Maggio 1992 &#8211; PALERMO<\/strong><\/p>\n\n\n\n<p class=\"has-text-align-center wp-block-paragraph\"><em>Con dono di un mu\u00ectianalizzatcre pediatrico per bambini prematuri al Centro Pediatrico&nbsp;di Elda Pucci, restauro di un clavicembalo settecentesco presso la Fondazione&nbsp;Whitaker, e serata di gala a Villa Sordonaro.<\/em><\/p>\n\n\n\n<hr class=\"wp-block-separator has-alpha-channel-opacity\" style=\"margin-top:var(--wp--preset--spacing--50);margin-bottom:var(--wp--preset--spacing--50)\"\/>\n\n\n\n<p class=\"has-text-align-center wp-block-paragraph\"><strong>27-28 Marzo 1993 &#8211; FIRENZE<\/strong><\/p>\n\n\n\n<p class=\"has-text-align-center wp-block-paragraph\"><em>Con mostra fotografica di Fulvio Roiter, concerto in esclusiva di Gloria Gaynor, iniziativa&nbsp;benefica a favore delle attivit\u00e0 assistenziali dell&#8217;Arcidiocesi di Firenze e serata di&nbsp;gala presso il Museo Marini, da noi proposto nel 1983 e oggi divenuto realt\u00e0.<\/em><\/p>\n\n\n\n<hr class=\"wp-block-separator has-alpha-channel-opacity\" style=\"margin-top:var(--wp--preset--spacing--50);margin-bottom:var(--wp--preset--spacing--50)\"\/>\n\n\n\n<p class=\"has-text-align-center wp-block-paragraph\"><strong>20-21 Maggio 1994 &#8211; ROMA<\/strong><\/p>\n\n\n\n<p class=\"has-text-align-center wp-block-paragraph\"><em>Con restauro degli affreschi di Pietro da Cortona (Adamo ed Eva, Madonna e copie&nbsp;delle Sibille michelangiolesche) in Palazzo Sacchetti, sede della serata di gala.<\/em><\/p>\n\n\n\n<hr class=\"wp-block-separator has-alpha-channel-opacity\" style=\"margin-top:var(--wp--preset--spacing--50);margin-bottom:var(--wp--preset--spacing--50)\"\/>\n\n\n\n<p class=\"has-text-align-center wp-block-paragraph\"><strong>23-24 Giugno 1995 &#8211; TREVISO<\/strong><\/p>\n\n\n\n<p class=\"has-text-align-center wp-block-paragraph\"><em>Con restauro della pala dell&#8217;Angelo custode, del Chiozzotto, nella chiesa di Sant&#8217;Agostino&nbsp;a Treviso e campagna di sensibilizzazione per il restauro del vetusto&nbsp;Cedrus deodara, rarit\u00e0 botanica custodita nel parco di Villa Franchetti a Preganziol,&nbsp;sede della serata di gala.<\/em><\/p>\n\n\n\n<hr class=\"wp-block-separator has-alpha-channel-opacity\" style=\"margin-top:var(--wp--preset--spacing--50);margin-bottom:var(--wp--preset--spacing--50)\"\/>\n\n\n\n<p class=\"has-text-align-center wp-block-paragraph\"><strong>20-21 Giugno 1996 &#8211; MILANO<\/strong><\/p>\n\n\n\n<p class=\"has-text-align-center wp-block-paragraph\"><em>Con restauro della Cappella di Sant&#8217;Ambrogio nell&#8217;omonima Basilica e cerimonia con&nbsp;serata di gala nel chiostro della Basilica, massimo monumento architettonico europeo&nbsp;e simbolo stesso della citt\u00e0.<\/em><\/p>\n\n\n\n<hr class=\"wp-block-separator has-alpha-channel-opacity\" style=\"margin-top:var(--wp--preset--spacing--50);margin-bottom:var(--wp--preset--spacing--50)\"\/>\n\n\n\n<p class=\"has-text-align-center wp-block-paragraph\"><strong>20-21 Maggio 1997 &#8211; BOLOGNA, SAN PATRIGNANO<\/strong><\/p>\n\n\n\n<p class=\"has-text-align-center wp-block-paragraph\"><em>Totalmente dedicata a lavare della benemerita opera di rieducazione della Comunit\u00e0&nbsp;di San Patrignano: donazione di un tavolo radiologico, annullo postale, concerto&nbsp;di Biagio Antonacci e serata in comunit\u00e0.<\/em><\/p>\n\n\n\n<hr class=\"wp-block-separator has-alpha-channel-opacity\" style=\"margin-top:var(--wp--preset--spacing--50);margin-bottom:var(--wp--preset--spacing--50)\"\/>\n\n\n\n<p class=\"has-text-align-center wp-block-paragraph\"><strong>25-26 Aprile 1998 &#8211; PADOVA<\/strong><\/p>\n\n\n\n<p class=\"has-text-align-center wp-block-paragraph\"><em>Con restauro e nuova collocazione della statua del Ruzante in piazza Capitaniato,&nbsp;serata di gala ai piedi del cavallo ligneo di Donatello in Palazzo della Ragione.<\/em><\/p>\n\n\n\n<hr class=\"wp-block-separator has-alpha-channel-opacity\" style=\"margin-top:var(--wp--preset--spacing--50);margin-bottom:var(--wp--preset--spacing--50)\"\/>\n\n\n\n<p class=\"has-text-align-center wp-block-paragraph\"><strong>5-6 Giugno 1999 &#8211; TORINO<\/strong><\/p>\n\n\n\n<p class=\"has-text-align-center wp-block-paragraph\"><em>Con donazione benefica a favore della Federazione Italiana Sport Disabili e sensibilizzazione&nbsp;a favore dei lavori di restauro della Reggia di Venaria, sede della serata di gala.<\/em><\/p>\n\n\n\n<hr class=\"wp-block-separator has-alpha-channel-opacity\" style=\"margin-top:var(--wp--preset--spacing--50);margin-bottom:var(--wp--preset--spacing--50)\"\/>\n\n\n\n<p class=\"has-text-align-center wp-block-paragraph\"><strong>3-9 Luglio 2000 &#8211; MILANO, CESENA, MODENA, MONTECATINI<\/strong><\/p>\n\n\n\n<p class=\"has-text-align-center wp-block-paragraph\"><em>Con 8 corse del Campionato Mondiale (finalisti: Australia, Austria, Belgio, Canada,&nbsp;Francia, Italia, Olanda, Russia, Spagna, Svezia, Svizzera, USA), visita esclusiva alla Ferrari,&nbsp;finanziamento alla Fondazione Annigoni per costruzione scuola in Burkina Faso,&nbsp;serata di gala nel prestigioso parco storico de &#8220;La Torretta&#8221;.<\/em><\/p>\n\n\n\n<hr class=\"wp-block-separator has-alpha-channel-opacity\" style=\"margin-top:var(--wp--preset--spacing--50);margin-bottom:var(--wp--preset--spacing--50)\"\/>\n\n\n\n<p class=\"has-text-align-center wp-block-paragraph\"><strong>4-6 Maggio 2001 &#8211; NAPOLI<\/strong><\/p>\n\n\n\n<p class=\"has-text-align-center wp-block-paragraph\"><em>Con serata di gala e donazione di un contributo a favore del prestigioso museo Galleria&nbsp;Nazionale di Capodimonte.<\/em><\/p>\n\n\n\n<hr class=\"wp-block-separator has-alpha-channel-opacity\" style=\"margin-top:var(--wp--preset--spacing--50);margin-bottom:var(--wp--preset--spacing--50)\"\/>\n\n\n\n<p class=\"has-text-align-center wp-block-paragraph\"><strong>31 Maggio &#8211; 1 Giugno 2002 &#8211; PALERMO<\/strong><\/p>\n\n\n\n<p class=\"has-text-align-center wp-block-paragraph\"><em>Con restauro dell&#8217;antico furgone borbonico e del Cippo della Stazione a Palazzo dei&nbsp;Normanni, con serata di gala ospiti della Presidenza del parlamento Siciliano.<\/em><\/p>\n\n\n\n<hr class=\"wp-block-separator has-alpha-channel-opacity\" style=\"margin-top:var(--wp--preset--spacing--50);margin-bottom:var(--wp--preset--spacing--50)\"\/>\n\n\n\n<p class=\"has-text-align-center wp-block-paragraph\"><strong>11-12 Maggio 2003 &#8211; ALBENGA, GENOVA<\/strong><\/p>\n\n\n\n<p class=\"has-text-align-center wp-block-paragraph\"><em>Con iniziativa benefica a favore della Fondazione Grace Kelly e originale serata di&nbsp;gala a bordo della nave ammiraglia della compagnia Grimaldi.<\/em><\/p>\n\n\n\n<hr class=\"wp-block-separator has-alpha-channel-opacity\" style=\"margin-top:var(--wp--preset--spacing--50);margin-bottom:var(--wp--preset--spacing--50)\"\/>\n\n\n\n<p class=\"has-text-align-center wp-block-paragraph\"><strong>21-22 Maggio 2004 &#8211; MONTECATINI TERME<\/strong><\/p>\n\n\n\n<p class=\"has-text-align-center wp-block-paragraph\"><em>Con iniziativa benefica a favore della Comunit\u00e0 Valdinievole, esibizione della nazionale&nbsp;Gentlemen di calcio contro la nazionale Oflrnpionici, e serata di gala nella&nbsp;esclusiva cornice delle Terme del Tettuccio.<\/em><\/p>\n\n\n\n<hr class=\"wp-block-separator has-alpha-channel-opacity\" style=\"margin-top:var(--wp--preset--spacing--50);margin-bottom:var(--wp--preset--spacing--50)\"\/>\n\n\n\n<p class=\"has-text-align-center wp-block-paragraph\"><strong>Luglio 2005 &#8211; SIRACUSA<\/strong><\/p>\n\n\n\n<p class=\"has-text-align-center wp-block-paragraph\"><em>Nella splendida cornice del Castello Maniace, e donazione a favore del locale Ospedale.<\/em><\/p>\n\n\n\n<hr class=\"wp-block-separator has-alpha-channel-opacity\" style=\"margin-top:var(--wp--preset--spacing--50);margin-bottom:var(--wp--preset--spacing--50)\"\/>\n\n\n\n<p class=\"has-text-align-center wp-block-paragraph\"><strong>19-22 Luglio 2006 &#8211; NAPOLI, ROMA<\/strong><\/p>\n\n\n\n<p class=\"has-text-align-center wp-block-paragraph\"><em>Con 9 corse del Campionato Mondiale, serata di gala a favore del Museo di Villa Giulia&nbsp;in Roma.<\/em><\/p>\n\n\n\n<hr class=\"wp-block-separator has-alpha-channel-opacity\" style=\"margin-top:var(--wp--preset--spacing--50);margin-bottom:var(--wp--preset--spacing--50)\"\/>\n\n\n\n<p class=\"has-text-align-center wp-block-paragraph\"><strong>6-7 Luglio 2007 &#8211; CESENA, SAN PATRIGNANO<\/strong><\/p>\n\n\n\n<p class=\"has-text-align-center wp-block-paragraph\"><em>Con contributo al restauro del Centro Ippico di San Patrignano, spettacolo e serata&nbsp;in comunit\u00e0.<\/em><\/p>\n\n\n\n<hr class=\"wp-block-separator has-alpha-channel-opacity\" style=\"margin-top:var(--wp--preset--spacing--50);margin-bottom:var(--wp--preset--spacing--50)\"\/>\n\n\n\n<p class=\"has-text-align-center wp-block-paragraph\"><strong>14-15 Giugno 2008 &#8211; TARANTO<\/strong><\/p>\n\n\n\n<p class=\"has-text-align-center wp-block-paragraph\"><em>Donazione a favore dell\u2019Associazione Italiana Leucemie e della&nbsp;Fondazione Pietro Mennea, donazione di un\u2019ambulanza al locale ospedale&nbsp;e serata di gala nell\u2019antica Basilica dell\u2019Hist\u00f2.<\/em><\/p>\n\n\n\n<hr class=\"wp-block-separator has-alpha-channel-opacity\" style=\"margin-top:var(--wp--preset--spacing--50);margin-bottom:var(--wp--preset--spacing--50)\"\/>\n\n\n\n<p class=\"has-text-align-center wp-block-paragraph\"><strong>8-9 Giugno 2009 &#8211; MILANO<\/strong><\/p>\n\n\n\n<p class=\"has-text-align-center wp-block-paragraph\"><em>Contributo benefico pro \u201cLega del filo d\u2019oro\u201d (testimonial Renzo Arbore)&nbsp;e serata presso la storica Club House di San Siro.<\/em><\/p>\n\n\n\n<hr class=\"wp-block-separator has-alpha-channel-opacity\" style=\"margin-top:var(--wp--preset--spacing--50);margin-bottom:var(--wp--preset--spacing--50)\"\/>\n\n\n\n<p class=\"has-text-align-center wp-block-paragraph\"><strong>20-21 Luglio 2010 &#8211; FORTE DEI MARMI, MONTECATINI<\/strong><\/p>\n\n\n\n<p class=\"has-text-align-center wp-block-paragraph\"><em>Presentazione del codice etico per la tutela degli equidi, e serata al prestigioso&nbsp;Twiga Beach Club.<\/em><\/p>\n\n\n\n<hr class=\"wp-block-separator has-alpha-channel-opacity\" style=\"margin-top:var(--wp--preset--spacing--50);margin-bottom:var(--wp--preset--spacing--50)\"\/>\n\n\n\n<p class=\"has-text-align-center wp-block-paragraph\"><strong>14-15 Luglio 2011 &#8211; TREVISO, VENEZIA<\/strong><\/p>\n\n\n\n<p class=\"has-text-align-center wp-block-paragraph\"><em>Torneo Internazionale \u201c150 Anni di Italia nel mondo\u201d, restauro organo&nbsp;barocco e serata di gala nell\u2019isola di San Servolo.<\/em><\/p>\n\n\n\n<hr class=\"wp-block-separator has-alpha-channel-opacity\" style=\"margin-top:var(--wp--preset--spacing--50);margin-bottom:var(--wp--preset--spacing--50)\"\/>\n\n\n\n<p class=\"has-text-align-center wp-block-paragraph\"><strong>29-30 Aprile 2012 &#8211; MONTEGIORGIO, FIASTRA<\/strong><\/p>\n\n\n\n<p class=\"has-text-align-center wp-block-paragraph\"><em>Donazione e borsa di studio a favore Accademia Civica della&nbsp;Fisarmonica di Castelfidardo, serata nel refettorio romanico dell\u2019Abbazia&nbsp;di Fiastra.<\/em><\/p>\n\n\n\n<hr class=\"wp-block-separator has-alpha-channel-opacity\" style=\"margin-top:var(--wp--preset--spacing--50);margin-bottom:var(--wp--preset--spacing--50)\"\/>\n\n\n\n<p class=\"has-text-align-center wp-block-paragraph\"><strong>22-23 Giugno 2013 &#8211; TORINO<\/strong><\/p>\n\n\n\n<p class=\"has-text-align-center wp-block-paragraph\"><em>Donazione a favore C.I.F.A. e Federezione Italiana Sport Paraolimpici,&nbsp;serata al Circolo della Stampa di Torino.<\/em><\/p>\n\n\n\n<hr class=\"wp-block-separator has-alpha-channel-opacity\" style=\"margin-top:var(--wp--preset--spacing--50);margin-bottom:var(--wp--preset--spacing--50)\"\/>\n\n\n\n<p class=\"has-text-align-center wp-block-paragraph\"><strong>22 Giugno 2014 &#8211; NAPOLI<\/strong><\/p>\n\n\n\n<p class=\"has-text-align-center wp-block-paragraph\"><em>Donazione a favore U.N.I.T.A.L.SI. e serata presso il prestigioso Circolo&nbsp;del Tennis di Napoli.<\/em><\/p>\n\n\n\n<hr class=\"wp-block-separator has-alpha-channel-opacity\" style=\"margin-top:var(--wp--preset--spacing--50);margin-bottom:var(--wp--preset--spacing--50)\"\/>\n\n\n\n<p class=\"has-text-align-center wp-block-paragraph\"><strong>11-12 Aprile 2015 &#8211; FIRENZE<\/strong><\/p>\n\n\n\n<p class=\"has-text-align-center wp-block-paragraph\"><em>Sostegno all\u2019attivit\u00e0 didattica del Museo Marino Marini, sede della serata&nbsp;di gala.<\/em><\/p>\n\n\n\n<hr class=\"wp-block-separator has-alpha-channel-opacity\"\/>\n\n\n\n<p class=\"has-text-align-center wp-block-paragraph\"><strong>25-26 Giugno 2016 &#8211; MODENA<\/strong><\/p>\n\n\n\n<p class=\"has-text-align-center wp-block-paragraph\"><em>Serata di gala presso il Museo Galleria Civica Estense e donazione per il&nbsp;restauro e musealizzazione dei preziosi speroni dorati del XIII secolo, rinvenuti&nbsp;nell\u2019ultima campagna di scavo.<\/em><\/p>\n\n\n\n<hr class=\"wp-block-separator has-alpha-channel-opacity\" style=\"margin-top:var(--wp--preset--spacing--50);margin-bottom:var(--wp--preset--spacing--50)\"\/>\n\n\n\n<p class=\"has-text-align-center wp-block-paragraph\"><strong>29-30 Settembre 2017 &#8211; PALERMO<\/strong><\/p>\n\n\n\n<p class=\"has-text-align-center wp-block-paragraph\"><em>Serata di gala nei prestigiosi saloni del Teatro Massimo, donazione alla&nbsp;scuola giovani artisti e per le attivit\u00e0 di scolarizzazione bambini indigenti&nbsp;dell\u2019Arcidiocesi di Palermo.<\/em><\/p>\n\n\n\n<hr class=\"wp-block-separator has-alpha-channel-opacity\" style=\"margin-top:var(--wp--preset--spacing--50);margin-bottom:var(--wp--preset--spacing--50)\"\/>\n\n\n\n<p class=\"has-text-align-center wp-block-paragraph\"><strong>22-23 Giugno 2018 &#8211; VENEZIA, TREVISO<\/strong><\/p>\n\n\n\n<p class=\"has-text-align-center wp-block-paragraph\"><em>Serata di gala nello storico squero Dei Rossi sull\u2019isola della Giudecca, con&nbsp;rilancio e promozione dell\u2019antica arte dei gondolieri veneti.<\/em><\/p>\n\n\n\n<hr class=\"wp-block-separator has-alpha-channel-opacity\" style=\"margin-top:var(--wp--preset--spacing--50);margin-bottom:var(--wp--preset--spacing--50)\"\/>\n\n\n\n<p class=\"has-text-align-center wp-block-paragraph\"><strong>2019 &#8211; MINTURNO &#8211; SANTI COSMA E DAMIANO<\/strong><\/p>\n\n\n\n<p class=\"has-text-align-center wp-block-paragraph\"><em>Serata di gala di fronte allo storico Anfiteatro sulla riva del mare, rilancio e sottoscrizione del codice etico per la tutela degli equidi.<\/em><\/p>\n\n\n\n<hr class=\"wp-block-separator has-alpha-channel-opacity\" style=\"margin-top:var(--wp--preset--spacing--50);margin-bottom:var(--wp--preset--spacing--50)\"\/>\n\n\n\n<p class=\"has-text-align-center wp-block-paragraph\"><strong>2020 &#8211; MILANO<\/strong><\/p>\n\n\n\n<p class=\"has-text-align-center wp-block-paragraph\"><em>Serata di gala presso Canter, rilancio codice etico e donazione a favore Izilove Foundation per il sociale.<\/em><\/p>\n\n\n\n<hr class=\"wp-block-separator has-alpha-channel-opacity\" style=\"margin-top:var(--wp--preset--spacing--50);margin-bottom:var(--wp--preset--spacing--50)\"\/>\n\n\n\n<p class=\"has-text-align-center wp-block-paragraph\"><strong>2021 &#8211; TARANTO<\/strong><\/p>\n\n\n\n<p class=\"has-text-align-center wp-block-paragraph\"><em>Serata di gala presso lo storico Palazzo del Comune di Taranto e donazione a favore AIL.<\/em><\/p>\n\n\n\n<hr class=\"wp-block-separator has-alpha-channel-opacity\" style=\"margin-top:var(--wp--preset--spacing--50);margin-bottom:var(--wp--preset--spacing--50)\"\/>\n\n\n\n<p class=\"has-text-align-center wp-block-paragraph\"><strong>2022 &#8211; FIRENZE<\/strong><\/p>\n\n\n\n<p class=\"has-text-align-center wp-block-paragraph\"><em>Serata di gala e donazione a favore dell&#8217;Ospedale Pediatrico Meyer di Firenze<\/em><\/p>\n\n\n\n<hr class=\"wp-block-separator has-alpha-channel-opacity\" style=\"margin-top:var(--wp--preset--spacing--50);margin-bottom:var(--wp--preset--spacing--50)\"\/>\n\n\n\n<p class=\"has-text-align-center wp-block-paragraph\"><strong>2023 &#8211; FOLLONICA<\/strong><\/p>\n\n\n\n<p class=\"has-text-align-center wp-block-paragraph\"><em>Serata di gala presso Riva Toscana Golf Resort e donazione a favore dell&#8217;Ospedale Pediatrico Meyer di Firenze<\/em><\/p>\n\n\n\n<hr class=\"wp-block-separator has-alpha-channel-opacity\" style=\"margin-top:var(--wp--preset--spacing--50);margin-bottom:var(--wp--preset--spacing--50)\"\/>\n\n\n\n<p class=\"has-text-align-center wp-block-paragraph\"><strong>2024 &#8211; SIRACUSA<\/strong><\/p>\n\n\n\n<p class=\"has-text-align-center wp-block-paragraph\"><em>Serata di gala presso Ippodromo Ippomed di Siracusa e donazione a favore dell&#8217;Ospedale Pediatrico Umberto I di Siracusa<\/em><\/p>\n","protected":false},"excerpt":{"rendered":"<p>L&#8217;attivit\u00e0 promozionale della Federnat si svolge lungo tre direttrici: Il cavallo \u00e8 sempre stato amico dell&#8217;uomo, ma mai come nella moderna civilt\u00e0 pu\u00f2 essergli utile in termini concreti. Non pi\u00f9 forse come strumento di fatica o come mezzo di trasporto, ma certo come veicolo privilegiato per riprendere quel contatto con la natura che costituisce esigenza primaria dell&#8217;uomo moderno. Cavallo come ecologia, dunque. Ma anche come compagno di vita e strumento per un intelligente tempo libero. E anche, infine, come compagno in una vera e propria attivit\u00e0 sportiva. A questi bisogni risponde lo sport ippico, al cui interno opera la categoria dei Gentlemen Drivers che svolgono funzione di collegamento col resto della societ\u00e0, operando ciscuno nel proprio Paese e nell&#8217;ambito della propria attivit\u00e0 o professione. In questo contesto, oltre alla normale attivit\u00e0 tecnica e agonistica, la Federnat svolge un&#8217;intensa attivit\u00e0 promozionale che culmina, ogni anno in una citt\u00e0 diversa, con un Incontro Nazionale a tema, che sempre&nbsp;abbina l&#8217;evento sportivo a importanti iniziative culturali. Anche quest&#8217;anno il Gran Premio vedr\u00e0 alla partenza i migliori Gentlemen Drivers d&#8217;Italia che sono anche qualificati e affermati imprenditori o commercianti e comunque persone inserite al massimo livello nella vita produttiva delle rispettive regioni. La corsa per\u00f2, per quanto importante, sar\u00e0 solo una piccola parte della manifestazione che manterr\u00e0 il carattere di evento culturale e sociale. Gli incontri Nazionali finora svolti sono stati: 29 Maggio 1982 &#8211; BOLOGNA Sul tema &#8220;IPPICA OGGI: ECOLOGIA, TEMPO LIBERO E SPORT&#8221;, con mostra fotografica, concorsi nelle scuole e con il lancio di uno slogan destinato a riscuotere successo in ogni ambiente al di fuori a al di dentro dell&#8217;ippica. 19 Marzo 1983 &#8211; FIRENZE Sul tema &#8220;CAVALLO E TERRITORIO: ASPETTI ECONOMICI E SOCIALI&#8221;, con esposizione di sculture e lancio dell&#8217;idea del museo permanente di Marino Marini, un convegno internazionale e concorsi di architettura e disegno. Nel corso del convegno furono anche presentate proposte tecniche concrete per l&#8217;automazione della raccolta scommesse. 13-19 Maggio 1984 &#8211; ROMA Sul tema &#8220;IL CAVALLO E L&#8217;ARTE&#8221; con mostra di sculture dell&#8217;artista svizzero Nag&nbsp;Arnoldi in Palazzo Barberini e grande riscontro nel mondo artistico nazionale,&nbsp;oltre a un&#8217;originale e suggestiva serata di gala in costume. 27 Aprile 1985 &#8211; MILANO Sul tema &#8220;I CENTO CAVALLI DEL RE&#8221; con mostra d&#8217;arte contemporanea e serata&nbsp;benefica a Villa Reale a Monza a favore dell&#8217;Associazione Ricerca sul Cancro. 5 Aprile 1986 &#8211; FIRENZE Incentrata sut restauro del fregio sansoviniano del frontone della Villa Medicea di&nbsp;Poggio a Caiano, quando la manifestazione costitu\u00ec momento significativo delle&nbsp;celebrazioni per &#8220;Firenze capitale della cultura europea&#8221;, con serata di Gala alla&nbsp;presenza di Ministri e massime personalit\u00e0. 25 Aprile 1987 &#8211; TARANTO In concomitanza col &#8220;XXXIV EUROPEAN CHAMPIONSHIP AMATEUR DRIVERS&#8221;,&nbsp;Campionato Europeo di Trotto, con la partecipazione di delegazioni da USA,&nbsp;Canada e dalle 6 Nazioni Europee fra cui per la prima volta un Paese dell&#8217;Est. 14 Maggio 1988 &#8211; FIRENZE Quando fu realizzata una manifestazione riservata alla classe e all&#8217;eleganza, riunendo&nbsp;per il Gran Ballo di Gala, nella splendida cornice di Palazzo Corsini, importanti&nbsp;esponenti del mondo ippico insieme a rappresentanti della realt\u00e0 economica&nbsp;e sociale Italiana. 21 Maggio 1989 &#8211; TORINO, SAINT VINCENT Con presentazione di una pubblicazione sulla storia del Trotto piemontese, esposizione&nbsp;e asta benefica di opere dello scultore Tarantino, donazione di un&#8217;ambulanza&nbsp;attrezzata alla Croce Rossa piemontese e serata di Gala al Casin\u00f2 di Saint Vincent. 28-29 Aprile 1990 &#8211; MILANO Con recupero e dono alla Biblioteca Trivuiziana del Comune di Milano di un prezioso&nbsp;volume antico sulle cacce a cavallo, mostra di incunaboli, pubblicazione sul&nbsp;restauro, raccolta benefica a favore del Centro di rieducazione equestre Vittorio Di&nbsp;Capua e serata di gala nel Cortile della Rocchetta in Castello Sforzesco. 27-28 Aprile 1991 &#8211; PADOVA, VENEZIA Con restauro dei preziosi dipinti di scuola veneta rinascimentale a favore del Museo&nbsp;della Fondazione Breda, raccolta benefica a favore delle attivit\u00e0 assistenziali della&nbsp;Fondazione e ballo di gala alla luce delle candele di Palazzo Pisani Moretta sul Canal&nbsp;Grande a Venezia. 15-16 Maggio 1992 &#8211; PALERMO Con dono di un mu\u00ectianalizzatcre pediatrico per bambini prematuri al Centro Pediatrico&nbsp;di Elda Pucci, restauro di un clavicembalo settecentesco presso la Fondazione&nbsp;Whitaker, e serata di gala a Villa Sordonaro. 27-28 Marzo 1993 &#8211; FIRENZE Con mostra fotografica di Fulvio Roiter, concerto in esclusiva di Gloria Gaynor, iniziativa&nbsp;benefica a favore delle attivit\u00e0 assistenziali dell&#8217;Arcidiocesi di Firenze e serata di&nbsp;gala presso il Museo Marini, da noi proposto nel 1983 e oggi divenuto realt\u00e0. 20-21 Maggio 1994 &#8211; ROMA Con restauro degli affreschi di Pietro da Cortona (Adamo ed Eva, Madonna e copie&nbsp;delle Sibille michelangiolesche) in Palazzo Sacchetti, sede della serata di gala. 23-24 Giugno 1995 &#8211; TREVISO Con restauro della pala dell&#8217;Angelo custode, del Chiozzotto, nella chiesa di Sant&#8217;Agostino&nbsp;a Treviso e campagna di sensibilizzazione per il restauro del vetusto&nbsp;Cedrus deodara, rarit\u00e0 botanica custodita nel parco di Villa Franchetti a Preganziol,&nbsp;sede della serata di gala. 20-21 Giugno 1996 &#8211; MILANO Con restauro della Cappella di Sant&#8217;Ambrogio nell&#8217;omonima Basilica e cerimonia con&nbsp;serata di gala nel chiostro della Basilica, massimo monumento architettonico europeo&nbsp;e simbolo stesso della citt\u00e0. 20-21 Maggio 1997 &#8211; BOLOGNA, SAN PATRIGNANO Totalmente dedicata a lavare della benemerita opera di rieducazione della Comunit\u00e0&nbsp;di San Patrignano: donazione di un tavolo radiologico, annullo postale, concerto&nbsp;di Biagio Antonacci e serata in comunit\u00e0. 25-26 Aprile 1998 &#8211; PADOVA Con restauro e nuova collocazione della statua del Ruzante in piazza Capitaniato,&nbsp;serata di gala ai piedi del cavallo ligneo di Donatello in Palazzo della Ragione. 5-6 Giugno 1999 &#8211; TORINO Con donazione benefica a favore della Federazione Italiana Sport Disabili e sensibilizzazione&nbsp;a favore dei lavori di restauro della Reggia di Venaria, sede della serata di gala. 3-9 Luglio 2000 &#8211; MILANO, CESENA, MODENA, MONTECATINI Con 8 corse del Campionato Mondiale (finalisti: Australia, Austria, Belgio, Canada,&nbsp;Francia, Italia, Olanda, Russia, Spagna, Svezia, Svizzera, USA), visita esclusiva alla Ferrari,&nbsp;finanziamento alla Fondazione Annigoni per costruzione scuola in Burkina Faso,&nbsp;serata di gala nel prestigioso parco storico de &#8220;La Torretta&#8221;. 4-6 Maggio 2001 &#8211; NAPOLI Con serata di gala e donazione di un contributo a favore del prestigioso museo Galleria&nbsp;Nazionale di Capodimonte. 31 Maggio &#8211; 1 Giugno 2002 &#8211; PALERMO Con restauro dell&#8217;antico furgone borbonico e del Cippo della<\/p>\n","protected":false},"author":2,"featured_media":0,"parent":0,"menu_order":0,"comment_status":"closed","ping_status":"closed","template":"","meta":{"footnotes":""},"class_list":["post-118","page","type-page","status-publish","hentry"],"_links":{"self":[{"href":"https:\/\/federnat.tiwsrl.com\/index.php?rest_route=\/wp\/v2\/pages\/118","targetHints":{"allow":["GET"]}}],"collection":[{"href":"https:\/\/federnat.tiwsrl.com\/index.php?rest_route=\/wp\/v2\/pages"}],"about":[{"href":"https:\/\/federnat.tiwsrl.com\/index.php?rest_route=\/wp\/v2\/types\/page"}],"author":[{"embeddable":true,"href":"https:\/\/federnat.tiwsrl.com\/index.php?rest_route=\/wp\/v2\/users\/2"}],"replies":[{"embeddable":true,"href":"https:\/\/federnat.tiwsrl.com\/index.php?rest_route=%2Fwp%2Fv2%2Fcomments&post=118"}],"version-history":[{"count":32,"href":"https:\/\/federnat.tiwsrl.com\/index.php?rest_route=\/wp\/v2\/pages\/118\/revisions"}],"predecessor-version":[{"id":1828,"href":"https:\/\/federnat.tiwsrl.com\/index.php?rest_route=\/wp\/v2\/pages\/118\/revisions\/1828"}],"wp:attachment":[{"href":"https:\/\/federnat.tiwsrl.com\/index.php?rest_route=%2Fwp%2Fv2%2Fmedia&parent=118"}],"curies":[{"name":"wp","href":"https:\/\/api.w.org\/{rel}","templated":true}]}}